{"id":3270,"date":"2018-11-20T15:56:15","date_gmt":"2018-11-20T14:56:15","guid":{"rendered":"https:\/\/www.exploring-umbria.com\/assisi-la-citta-dellanima\/"},"modified":"2020-04-09T16:26:26","modified_gmt":"2020-04-09T14:26:26","slug":"descubre-asis-la-ciudad-del-alma","status":"publish","type":"page","link":"https:\/\/www.exploring-umbria.com\/es\/descubre-asis-la-ciudad-del-alma\/","title":{"rendered":"Descubre As\u00eds: la ciudad del alma"},"content":{"rendered":"<p><!--vcv no format--><\/p>\n<div class=\"vce-row-container\">\n<div id=\"el-d1502e91\" class=\"vce-row vce-row--col-gap-30 vce-row-columns--top vce-row-content--top\" data-vce-do-apply=\"all el-d1502e91\">\n<div class=\"vce-row-content\" data-vce-element-content=\"true\">\n<div id=\"el-413bd2e5\" class=\"vce-col vce-col--md-auto vce-col--xs-1 vce-col--xs-last vce-col--xs-first vce-col--sm-last vce-col--sm-first vce-col--md-last vce-col--lg-last vce-col--xl-last vce-col--md-first vce-col--lg-first vce-col--xl-first\">\n<div class=\"vce-col-inner\" data-vce-do-apply=\"border margin background el-413bd2e5\">\n<div class=\"vce-col-content\" data-vce-element-content=\"true\" data-vce-do-apply=\"padding el-413bd2e5\">\n<div class=\"vce-text-block\">\n<div id=\"el-ae5edabe\" class=\"vce-text-block-wrapper vce\" data-vce-do-apply=\"all el-ae5edabe\">\n<h4>Descubre la ciudad del alma, el espl\u00e9ndido pueblo patrimonio mundial de la UNESCO que dio a luz a San Francisco de As\u00eds. <!--more--><\/h4>\n<\/div>\n<\/div>\n<\/div>\n<\/div>\n<\/div>\n<\/div>\n<\/div>\n<\/div>\n<div class=\"vce-row-container\">\n<div id=\"el-cb62ebe0\" class=\"vce-row vce-row--col-gap-30 vce-row-columns--top vce-row-content--top\" data-vce-do-apply=\"all el-cb62ebe0\">\n<div class=\"vce-row-content\" data-vce-element-content=\"true\">\n<div id=\"el-abc64204\" class=\"vce-col vce-col--md-auto vce-col--xs-1 vce-col--xs-last vce-col--xs-first vce-col--sm-last vce-col--sm-first vce-col--md-last vce-col--lg-last vce-col--xl-last vce-col--md-first vce-col--lg-first vce-col--xl-first\">\n<div class=\"vce-col-inner\" data-vce-do-apply=\"border margin background el-abc64204\">\n<div class=\"vce-col-content\" data-vce-element-content=\"true\" data-vce-do-apply=\"padding el-abc64204\">\n<p>Ya sea que llegues desde la estaci\u00f3n o desde la carretera, la peque\u00f1a y majestuosa Ciudad Ser\u00e1fica, subiendo por la cima de su colina al pie del verde Monte Subasio, comienza a sorprenderte desde lejos. Ya desde la llanura, cubierta de campos de trigo y girasoles, se distingue con incre\u00edble claridad la mayor parte del <strong>Sagrado Convento<\/strong>, que marca la parte oriental de la ciudad y parece empujar hacia arriba el resto del pueblo, que sube para detenerse a un paso de la cima, ocupada por la <strong>Fortaleza Mayor<\/strong>. Esta \u00faltima est\u00e1 aislada por una franja arbolada, hasta el punto de que, por la noche, cuando las luces naturales est\u00e1n apagadas y las artificiales encendidas, parece flotar. Esta es la postal m\u00e1s cl\u00e1sica de <strong>As\u00eds<\/strong>, de las que se pueden encontrar en todas las tiendas de recuerdos y en todas partes de la web, l\u00e1stima que nunca podr\u00e1n devolverte la sensaci\u00f3n de ver la escena en directo, justo desde all\u00ed, en medio de los campos de girasoles.<\/p>\n<p>En realidad, As\u00eds no necesita una gran introducci\u00f3n, porque es la ciudad de Umbr\u00eda m\u00e1s famosa del mundo. Fue la ciudad que dio a luz a <strong>San Francisco<\/strong>, uno de los m\u00e1s grandes revolucionarios de la Iglesia Cat\u00f3lica, y a Santa <strong>Clara<\/strong>, su fiel seguidora. Es un templo de santidad y espiritualidad desde la antig\u00fcedad, hasta el punto de merecer el apodo de \u00ab<strong>Ciudad de la Paz<\/strong>\u00ab.<\/p>\n<p>Pero, cuidado, esto no debe inducirte a error. A pesar del aura salv\u00edfica y celestial que emana, la ciudad ha vivido largos per\u00edodos en los que era mejor mantenerse alejada de ella. Durante siglos fue escenario de guerras sangrientas, luchas internas y saqueos continuos. Comandantes <em>como Carlomagno<\/em>, <em>Federico Barbarroja<\/em>, <em>C\u00e9sar Borgia<\/em> y muchos otros quer\u00edan ponerlas manos en la masa. Las continuas invasiones provocaron hambrunas y epidemias que disminuyeron dr\u00e1sticamente la poblaci\u00f3n. Adem\u00e1s de los extranjeros, los mismos asisianos no eran para menos. La rivalidad entre los <a href=\"https:\/\/es.wikipedia.org\/wiki\/G%C3%BCelfos_y_gibelinos\" target=\"_blank\" rel=\"noopener noreferrer\"><em>g\u00fcelfos<\/em><\/a>, partidarios del Papa, y los <a href=\"https:\/\/es.wikipedia.org\/wiki\/G%C3%BCelfos_y_gibelinos\" target=\"_blank\" rel=\"noopener noreferrer\"><em>gibelinos<\/em><\/a>, partidarios del Imperio, fue m\u00e1s sentida que nunca en la ciudad. Los asesinatos y las represalias entre las distintas familias estaban a la orden del d\u00eda. Parece una paradoja, pero en el siglo XIV la ciudad fue prohibida por orden del Papa de los sacramentos religiosos y una gran parte de su poblaci\u00f3n excomulgada. Fue una locura atravesar la ciudad desarmada. Por si fuera poco, los terremotos nunca la dejaron en paz. Basta pensar que entre los siglos XIV y XIX tenemos memoria de cuarenta terremotos que devastaron el centro y pusieron de rodillas a sus habitantes.<\/p>\n<p>Descubre que As\u00eds, como todas las ciudades, tiene un lado oscuro, y al <a href=\"https:\/\/www.exploring-umbria.com\/es\/actividades\/guided-tour-of-assisi\/\" target=\"_blank\" rel=\"noopener noreferrer\">visitarla<\/a> se puede disfrutar imaginando todo lo que ha pasado en el curso de la historia a lo largo de las calles empedradas y blancas, en las plazas ser\u00e1ficas y frente a las magn\u00edficas iglesias. La belleza y la importancia de este lugar llamar\u00e1 inmediatamente tu atenci\u00f3n.<\/p>\n<\/div>\n<\/div>\n<\/div>\n<\/div>\n<\/div>\n<\/div>\n<p><!--vcv no format--><\/p>\n","protected":false},"excerpt":{"rendered":"<p>Descubre la ciudad del alma, el espl\u00e9ndido pueblo patrimonio mundial de la UNESCO que dio a luz a San Francisco de As\u00eds.<\/p>\n","protected":false},"author":1,"featured_media":1932,"parent":0,"menu_order":0,"comment_status":"closed","ping_status":"closed","template":"","meta":{"om_disable_all_campaigns":false,"_monsterinsights_skip_tracking":false,"_monsterinsights_sitenote_active":false,"_monsterinsights_sitenote_note":"","_monsterinsights_sitenote_category":0},"acf":[],"yoast_head":"<!-- This site is optimized with the Yoast SEO plugin v18.4.1 - https:\/\/yoast.com\/wordpress\/plugins\/seo\/ -->\n<title>Descubre As\u00eds: la ciudad del alma - Exploring Umbria<\/title>\n<meta name=\"description\" content=\"Descubre la ciudad del alma, el espl\u00e9ndido pueblo patrimonio mundial de la UNESCO que dio a luz a San Francisco de As\u00eds. Ya sea que llegues desde la\" \/>\n<meta name=\"robots\" content=\"index, follow, max-snippet:-1, max-image-preview:large, max-video-preview:-1\" \/>\n<link rel=\"canonical\" href=\"https:\/\/www.exploring-umbria.com\/es\/descubre-asis-la-ciudad-del-alma\/\" \/>\n<meta property=\"og:locale\" content=\"es_ES\" \/>\n<meta property=\"og:type\" content=\"article\" \/>\n<meta property=\"og:title\" content=\"Descubre As\u00eds: la ciudad del alma - Exploring Umbria\" \/>\n<meta property=\"og:description\" content=\"Descubre la ciudad del alma, el espl\u00e9ndido pueblo patrimonio mundial de la UNESCO que dio a luz a San Francisco de As\u00eds. Ya sea que llegues desde la\" \/>\n<meta property=\"og:url\" content=\"https:\/\/www.exploring-umbria.com\/es\/descubre-asis-la-ciudad-del-alma\/\" \/>\n<meta property=\"og:site_name\" content=\"Exploring Umbria\" \/>\n<meta property=\"article:publisher\" content=\"https:\/\/www.facebook.com\/exploringumbria\/\" \/>\n<meta property=\"article:modified_time\" content=\"2020-04-09T14:26:26+00:00\" \/>\n<meta property=\"og:image\" content=\"https:\/\/www.exploring-umbria.com\/wp-content\/uploads\/2019\/03\/ASSISI-PANORAMICA-2000x1333.jpeg\" \/>\n\t<meta property=\"og:image:width\" content=\"2000\" \/>\n\t<meta property=\"og:image:height\" content=\"1333\" \/>\n\t<meta property=\"og:image:type\" content=\"image\/jpeg\" \/>\n<meta name=\"twitter:card\" content=\"summary_large_image\" \/>\n<meta name=\"twitter:label1\" content=\"Tiempo de lectura\" \/>\n\t<meta name=\"twitter:data1\" content=\"3 minutos\" \/>\n<script type=\"application\/ld+json\" class=\"yoast-schema-graph\">{\"@context\":\"https:\/\/schema.org\",\"@graph\":[{\"@type\":\"Organization\",\"@id\":\"https:\/\/www.exploring-umbria.com\/es\/#organization\",\"name\":\"Exploring Umbria\",\"url\":\"https:\/\/www.exploring-umbria.com\/es\/\",\"sameAs\":[\"https:\/\/www.facebook.com\/exploringumbria\/\",\"https:\/\/www.instagram.com\/exploringumbria\/\"],\"logo\":{\"@type\":\"ImageObject\",\"@id\":\"https:\/\/www.exploring-umbria.com\/es\/#logo\",\"inLanguage\":\"es\",\"url\":\"https:\/\/www.exploring-umbria.com\/wp-content\/uploads\/2019\/08\/solo-logo-verde.jpg\",\"contentUrl\":\"https:\/\/www.exploring-umbria.com\/wp-content\/uploads\/2019\/08\/solo-logo-verde.jpg\",\"width\":952,\"height\":532,\"caption\":\"Exploring Umbria\"},\"image\":{\"@id\":\"https:\/\/www.exploring-umbria.com\/es\/#logo\"}},{\"@type\":\"WebSite\",\"@id\":\"https:\/\/www.exploring-umbria.com\/es\/#website\",\"url\":\"https:\/\/www.exploring-umbria.com\/es\/\",\"name\":\"Exploring Umbria\",\"description\":\"your dates, your mood, your trip\",\"publisher\":{\"@id\":\"https:\/\/www.exploring-umbria.com\/es\/#organization\"},\"potentialAction\":[{\"@type\":\"SearchAction\",\"target\":{\"@type\":\"EntryPoint\",\"urlTemplate\":\"https:\/\/www.exploring-umbria.com\/es\/?s={search_term_string}\"},\"query-input\":\"required name=search_term_string\"}],\"inLanguage\":\"es\"},{\"@type\":\"ImageObject\",\"@id\":\"https:\/\/www.exploring-umbria.com\/es\/descubre-asis-la-ciudad-del-alma\/#primaryimage\",\"inLanguage\":\"es\",\"url\":\"https:\/\/www.exploring-umbria.com\/wp-content\/uploads\/2019\/03\/ASSISI-PANORAMICA-2000x1333.jpeg\",\"contentUrl\":\"https:\/\/www.exploring-umbria.com\/wp-content\/uploads\/2019\/03\/ASSISI-PANORAMICA-2000x1333.jpeg\",\"width\":2000,\"height\":1333,\"caption\":\"scopri assisi\"},{\"@type\":\"WebPage\",\"@id\":\"https:\/\/www.exploring-umbria.com\/es\/descubre-asis-la-ciudad-del-alma\/#webpage\",\"url\":\"https:\/\/www.exploring-umbria.com\/es\/descubre-asis-la-ciudad-del-alma\/\",\"name\":\"Descubre As\u00eds: la ciudad del alma - Exploring Umbria\",\"isPartOf\":{\"@id\":\"https:\/\/www.exploring-umbria.com\/es\/#website\"},\"primaryImageOfPage\":{\"@id\":\"https:\/\/www.exploring-umbria.com\/es\/descubre-asis-la-ciudad-del-alma\/#primaryimage\"},\"datePublished\":\"2018-11-20T14:56:15+00:00\",\"dateModified\":\"2020-04-09T14:26:26+00:00\",\"description\":\"Descubre la ciudad del alma, el espl\u00e9ndido pueblo patrimonio mundial de la UNESCO que dio a luz a San Francisco de As\u00eds. Ya sea que llegues desde la\",\"breadcrumb\":{\"@id\":\"https:\/\/www.exploring-umbria.com\/es\/descubre-asis-la-ciudad-del-alma\/#breadcrumb\"},\"inLanguage\":\"es\",\"potentialAction\":[{\"@type\":\"ReadAction\",\"target\":[\"https:\/\/www.exploring-umbria.com\/es\/descubre-asis-la-ciudad-del-alma\/\"]}]},{\"@type\":\"BreadcrumbList\",\"@id\":\"https:\/\/www.exploring-umbria.com\/es\/descubre-asis-la-ciudad-del-alma\/#breadcrumb\",\"itemListElement\":[{\"@type\":\"ListItem\",\"position\":1,\"name\":\"Home\",\"item\":\"https:\/\/www.exploring-umbria.com\/es\/\"},{\"@type\":\"ListItem\",\"position\":2,\"name\":\"Descubre As\u00eds: la ciudad del alma\"}]}]}<\/script>\n<!-- \/ Yoast SEO plugin. -->","yoast_head_json":{"title":"Descubre As\u00eds: la ciudad del alma - Exploring Umbria","description":"Descubre la ciudad del alma, el espl\u00e9ndido pueblo patrimonio mundial de la UNESCO que dio a luz a San Francisco de As\u00eds. Ya sea que llegues desde la","robots":{"index":"index","follow":"follow","max-snippet":"max-snippet:-1","max-image-preview":"max-image-preview:large","max-video-preview":"max-video-preview:-1"},"canonical":"https:\/\/www.exploring-umbria.com\/es\/descubre-asis-la-ciudad-del-alma\/","og_locale":"es_ES","og_type":"article","og_title":"Descubre As\u00eds: la ciudad del alma - Exploring Umbria","og_description":"Descubre la ciudad del alma, el espl\u00e9ndido pueblo patrimonio mundial de la UNESCO que dio a luz a San Francisco de As\u00eds. Ya sea que llegues desde la","og_url":"https:\/\/www.exploring-umbria.com\/es\/descubre-asis-la-ciudad-del-alma\/","og_site_name":"Exploring Umbria","article_publisher":"https:\/\/www.facebook.com\/exploringumbria\/","article_modified_time":"2020-04-09T14:26:26+00:00","og_image":[{"width":2000,"height":1333,"url":"https:\/\/www.exploring-umbria.com\/wp-content\/uploads\/2019\/03\/ASSISI-PANORAMICA-2000x1333.jpeg","type":"image\/jpeg"}],"twitter_card":"summary_large_image","twitter_misc":{"Tiempo de lectura":"3 minutos"},"schema":{"@context":"https:\/\/schema.org","@graph":[{"@type":"Organization","@id":"https:\/\/www.exploring-umbria.com\/es\/#organization","name":"Exploring Umbria","url":"https:\/\/www.exploring-umbria.com\/es\/","sameAs":["https:\/\/www.facebook.com\/exploringumbria\/","https:\/\/www.instagram.com\/exploringumbria\/"],"logo":{"@type":"ImageObject","@id":"https:\/\/www.exploring-umbria.com\/es\/#logo","inLanguage":"es","url":"https:\/\/www.exploring-umbria.com\/wp-content\/uploads\/2019\/08\/solo-logo-verde.jpg","contentUrl":"https:\/\/www.exploring-umbria.com\/wp-content\/uploads\/2019\/08\/solo-logo-verde.jpg","width":952,"height":532,"caption":"Exploring Umbria"},"image":{"@id":"https:\/\/www.exploring-umbria.com\/es\/#logo"}},{"@type":"WebSite","@id":"https:\/\/www.exploring-umbria.com\/es\/#website","url":"https:\/\/www.exploring-umbria.com\/es\/","name":"Exploring Umbria","description":"your dates, your mood, your trip","publisher":{"@id":"https:\/\/www.exploring-umbria.com\/es\/#organization"},"potentialAction":[{"@type":"SearchAction","target":{"@type":"EntryPoint","urlTemplate":"https:\/\/www.exploring-umbria.com\/es\/?s={search_term_string}"},"query-input":"required name=search_term_string"}],"inLanguage":"es"},{"@type":"ImageObject","@id":"https:\/\/www.exploring-umbria.com\/es\/descubre-asis-la-ciudad-del-alma\/#primaryimage","inLanguage":"es","url":"https:\/\/www.exploring-umbria.com\/wp-content\/uploads\/2019\/03\/ASSISI-PANORAMICA-2000x1333.jpeg","contentUrl":"https:\/\/www.exploring-umbria.com\/wp-content\/uploads\/2019\/03\/ASSISI-PANORAMICA-2000x1333.jpeg","width":2000,"height":1333,"caption":"scopri assisi"},{"@type":"WebPage","@id":"https:\/\/www.exploring-umbria.com\/es\/descubre-asis-la-ciudad-del-alma\/#webpage","url":"https:\/\/www.exploring-umbria.com\/es\/descubre-asis-la-ciudad-del-alma\/","name":"Descubre As\u00eds: la ciudad del alma - Exploring Umbria","isPartOf":{"@id":"https:\/\/www.exploring-umbria.com\/es\/#website"},"primaryImageOfPage":{"@id":"https:\/\/www.exploring-umbria.com\/es\/descubre-asis-la-ciudad-del-alma\/#primaryimage"},"datePublished":"2018-11-20T14:56:15+00:00","dateModified":"2020-04-09T14:26:26+00:00","description":"Descubre la ciudad del alma, el espl\u00e9ndido pueblo patrimonio mundial de la UNESCO que dio a luz a San Francisco de As\u00eds. Ya sea que llegues desde la","breadcrumb":{"@id":"https:\/\/www.exploring-umbria.com\/es\/descubre-asis-la-ciudad-del-alma\/#breadcrumb"},"inLanguage":"es","potentialAction":[{"@type":"ReadAction","target":["https:\/\/www.exploring-umbria.com\/es\/descubre-asis-la-ciudad-del-alma\/"]}]},{"@type":"BreadcrumbList","@id":"https:\/\/www.exploring-umbria.com\/es\/descubre-asis-la-ciudad-del-alma\/#breadcrumb","itemListElement":[{"@type":"ListItem","position":1,"name":"Home","item":"https:\/\/www.exploring-umbria.com\/es\/"},{"@type":"ListItem","position":2,"name":"Descubre As\u00eds: la ciudad del alma"}]}]}},"_links":{"self":[{"href":"https:\/\/www.exploring-umbria.com\/es\/wp-json\/wp\/v2\/pages\/3270"}],"collection":[{"href":"https:\/\/www.exploring-umbria.com\/es\/wp-json\/wp\/v2\/pages"}],"about":[{"href":"https:\/\/www.exploring-umbria.com\/es\/wp-json\/wp\/v2\/types\/page"}],"author":[{"embeddable":true,"href":"https:\/\/www.exploring-umbria.com\/es\/wp-json\/wp\/v2\/users\/1"}],"replies":[{"embeddable":true,"href":"https:\/\/www.exploring-umbria.com\/es\/wp-json\/wp\/v2\/comments?post=3270"}],"version-history":[{"count":15,"href":"https:\/\/www.exploring-umbria.com\/es\/wp-json\/wp\/v2\/pages\/3270\/revisions"}],"predecessor-version":[{"id":33767,"href":"https:\/\/www.exploring-umbria.com\/es\/wp-json\/wp\/v2\/pages\/3270\/revisions\/33767"}],"wp:featuredmedia":[{"embeddable":true,"href":"https:\/\/www.exploring-umbria.com\/es\/wp-json\/wp\/v2\/media\/1932"}],"wp:attachment":[{"href":"https:\/\/www.exploring-umbria.com\/es\/wp-json\/wp\/v2\/media?parent=3270"}],"curies":[{"name":"wp","href":"https:\/\/api.w.org\/{rel}","templated":true}]}}