{"id":3233,"date":"2018-11-23T12:00:09","date_gmt":"2018-11-23T11:00:09","guid":{"rendered":"https:\/\/www.exploring-umbria.com\/cattedrale-di-s-rufino\/"},"modified":"2020-03-26T17:04:34","modified_gmt":"2020-03-26T16:04:34","slug":"catedral-de-san-rufino-de-asis","status":"publish","type":"page","link":"https:\/\/www.exploring-umbria.com\/es\/descubre-asis-la-ciudad-del-alma\/que-ver-en-asis\/catedral-de-san-rufino-de-asis\/","title":{"rendered":"Catedral de San Rufino de As\u00eds"},"content":{"rendered":"<p>Bajando desde la Plaza Matteotti, uno de los puntos m\u00e1s altos del tejido urbano de As\u00eds, hacia el centro de la ciudad, la primera plaza que se encuentra es la de San Rufino. La entrada es cuesta abajo a trav\u00e9s de un peque\u00f1o arco, a trav\u00e9s del cual se abre ante nosotros la plaza, vagamente semicircular, desde la que irradian las calles que penetran en el coraz\u00f3n del centro hist\u00f3rico. La <strong>Catedral de San Rufino<\/strong> se nos presenta como una sorpresa, incrustada en el fondo opuesto de la plaza, oculta a la vista de los que entran por los edificios que corren adyacentes a los bordes de la fachada y que delimitan el espacio quela precede, como si este fuera el escenario de un enorme escenario. Nuestro cuerpo en la bajada se tensa naturalmente para avanzar, mientras que nuestros ojos se vuelven hacia atr\u00e1s atra\u00eddos por la blancura calc\u00e1rea de un paisaje que descubrimos detr\u00e1s de nosotros -considerado por algunos como uno de los m\u00e1s bellos de su \u00e9poca- obligando al observador a detenerse para no retorcerse el cuello. Si pasas all\u00ed la tarde de oto\u00f1o, el efecto ser\u00e1 a\u00fan m\u00e1s evidente, ya que las simetr\u00edas y geometr\u00edas perfectas de la fachada se pintar\u00e1n con un fuego naranja, que el ambiente de la noche se ir\u00e1 limpiando poco a poco.<\/p>\n<p><strong>Rufino de As\u00eds<\/strong> es el santo patr\u00f3n y fue el primer obispo de la ciudad. Muri\u00f3 m\u00e1rtir en el siglo III d.C. Vivi\u00f3 bajo el Imperio Romano y su hagiograf\u00eda narra un largo viaje de predicaci\u00f3n del Evangelio que lo vio partir de la actual Turqu\u00eda, llegar a Italia en los Abruzos, la tierra de los Marsi, y luego asentarse en As\u00eds para convertirse en obispo. En aquella \u00e9poca la religi\u00f3n cristiana no era tolerada por las instituciones imperiales, por lo que el proc\u00f3nsul <em>Aspasio<\/em> lo persigui\u00f3 implacablemente, y despu\u00e9s de capturarlo le hizo confesar su fe. Rufino fue condenado a muerte. La tradici\u00f3n dice que durante su ejecuci\u00f3n -su primera ejecuci\u00f3n- demostr\u00f3 su santidad. Sali\u00f3 ileso de la hoguera a la que fue condenado inicialmente, para ceder a la muerte s\u00f3lo en un segundo intento, cuando fue arrojado al r\u00edo Chiascio atado a una gran roca. Sus fieles encontraron el cuerpo en el valle, donde hoy se encuentra el pueblo de Costano en el municipio de Bastia Umbra. El Santuario del Crucifijo que se levanta dentro de las antiguas murallas del peque\u00f1o pueblo recuerda este acontecimiento. En el interior del Santuario, la piedra en bruto que constituye el piso del altar se indica como la misma que fue corresponsable del ahogamiento del Santo. Tras su descubrimiento, el cuerpo fue trasladado al lugar donde hoy se encuentra la catedral blanca.<\/p>\n<p>Pero la iglesia que vemos hoy no es ni m\u00e1s ni menos que la tercera, por orden cronol\u00f3gico, que se construy\u00f3 en ese lugar tan importante para el culto de la ciudad. Las obras de la versi\u00f3n final de la iglesia fueron iniciadas en 1100 por el arquitecto <em>Giovanni<\/em> <em>da<\/em> <em>Gubbio<\/em>, pero la versi\u00f3n anterior, que data de principios del a\u00f1o mil, est\u00e1 vinculada a una fascinante historia de \u00e9pica popular. El Obispo <em>Hugo<\/em> quiso desenterrar el sarc\u00f3fago que se cre\u00eda conten\u00eda los restos sagrados de Rufino y transportarlo a la iglesia principal, <strong>Santa Maria la Mayor<\/strong>, donde se encontraba la sede del obispo en ese momento. La gente, que consideraba este lugar como el guardi\u00e1n de un gran poder espiritual, protest\u00f3 duramente, hasta el punto de llegar a entrar en conflicto con las milicias de la curia. Seg\u00fan el mito, fue una milagrosa intercesi\u00f3n del Santo la que resolvi\u00f3 la diatriba. El choque entre el pueblo y las milicias no caus\u00f3 derramamiento de sangre y cuando estas \u00faltimas, habiendo sacado lo mejor de s\u00ed mismas, se prepararon para cargar el sarc\u00f3fago para su traslado, encontraron una sorpresa. El recipiente de m\u00e1rmol blanco esculpido qued\u00f3 inexplicablemente pegado al suelo. Sesenta soldados no pudieron moverlo, no obstante, s\u00f3lo siete de ellos pudieron levantarlo del suelo. El milagro fue evidente, hasta el punto de que el obispo <em>Hugo<\/em> pronto se convenci\u00f3 de que deb\u00eda cambiar de opini\u00f3n. Orden\u00f3 que se embelleciera y ampliara la Catedral y en 1035 traslad\u00f3 all\u00ed su sede episcopal.<\/p>\n<p><strong>En el interior<\/strong>, la estructura de la Catedral de San Rufino que vemos hoy fue dise\u00f1ada en 1500 por el gran <em>arquitecto umbro Galeazzo<\/em> <em>Alessi<\/em>. Est\u00e1 dividida en tres naves separadas por secciones redondas, sostenidas por pilares de base cuadrada. En la nave derecha hay una <strong>antigua pila<\/strong> <strong>bautismal<\/strong> de <strong>m\u00e1rmol, donde la tradici\u00f3n dice que se han ba\u00f1ado las cabezas de todos los grandes protagonistas de la historia de As\u00eds: desde <a href=\"https:\/\/es.wikipedia.org\/wiki\/Francisco_de_As%C3%ADs\" target=\"_blank\" rel=\"noopener noreferrer\">San Francisco<\/a>, pasando por <a href=\"https:\/\/es.wikipedia.org\/wiki\/Clara_de_As%C3%ADs\" target=\"_blank\" rel=\"noopener noreferrer\">Santa Clara<\/a>, hasta <a href=\"https:\/\/es.wikipedia.org\/wiki\/Federico_II_Hohenstaufen\" target=\"_blank\" rel=\"noopener noreferrer\">Federico II de Suabia<\/a>. M\u00e1s adelante, a la altura de la tercera nave, se encuentra la<\/strong> suntuosa Capilla del Sant\u00edsimo Sacramento, la mayor obra barroca de la ciudad.<\/p>\n<p>Pasando a la nave izquierda, se percibir\u00e1 muy bien la antig\u00fcedad de este lugar. En el punto en que se eleva la primera nave, el alma m\u00e1s remota de la catedral ha quedado al descubierto por los \u00faltimos trabajos de restauraci\u00f3n. Aparece la base mural de una cisterna romana sobre la que descansa el edificio. Encontrar\u00e1s inscripciones con los nombres de los hombres que ordenaron su construcci\u00f3n<em>, <\/em>los <em>marones<\/em>, es decir, los magistrados nativos que fueron los encargados de gobernar la ciudad en nombre de la Rep\u00fablica.<\/p>\n<p>Si quieres adentrarte a\u00fan m\u00e1s en las entra\u00f1as hist\u00f3ricas de este lugar, s\u00f3lo tienes que bajar a la <strong>cripta<\/strong>, donde de repente ser\u00e1s catapultado al a\u00f1o mil, en medio de la amarga diatriba entre el obispo Hugo y el pueblo asisiano. Aqu\u00ed se produjeron los enfrentamientos de los que narra la historia. El sarc\u00f3fago que se guarda all\u00ed es el mismo que llev\u00f3 a cabo la voluntad colectiva, tan pesado para los malos y tan ligero para los justos. La cripta fue uno de los lugares elegidos por Francisco para la meditaci\u00f3n en la oraci\u00f3n, as\u00ed como tambi\u00e9n lo fue un peque\u00f1o espacio subterr\u00e1neo bajo la sacrist\u00eda de la Catedral de San Rufino, llamado <strong>Oratorio<\/strong> <strong>de<\/strong> <strong>San<\/strong> <strong>Francisco<\/strong>. Se dice que fue all\u00ed donde el Santo se retir\u00f3 para meditar antes de los sermones en la iglesia de arriba. La cripta forma parte del recorrido expositivo del Museo Diocesano, inaugurado en 1941, que incluye tambi\u00e9n los espacios expositivos del Palacio de los Can\u00f3nigos con sus espacios subterr\u00e1neos y el claustro de la catedral adyacente. El museo alberga los muy raros ejemplos de pintura medieval temprana que quedaron en la ciudad, y es el mejor lugar, junto con el <strong><a href=\"https:\/\/www.exploring-umbria.com\/es\/subcategories\/cosa-fare-e-cosa-vedere-ad-assisi\/#heading2808\" target=\"_blank\" rel=\"noopener noreferrer\">Foro Romano y la Colecci\u00f3n Arqueol\u00f3gica<\/a>, <\/strong>donde se pueden descubrir las huellas de la ciudad antigua, romana y prerromana, tales como capiteles, ep\u00edgrafes y otros objetos de piedra. Algunas salas tambi\u00e9n contienen valiosas obras renacentistas y prerenacentistas, como los frescos de la <em>Maestra<\/em> <em>de<\/em> <em>Santa<\/em> <em>Clara<\/em> y una magn\u00edfica obra de <em>Niccol\u00f2 Liberatore<\/em> conocida <strong>como la Pupila<\/strong>, uno de los protagonistas del Renacimiento umbro junto con <em>Perugino<\/em> y <em>Pinturicchio<\/em>: <strong>el Pol\u00edptico de San Rufino<\/strong>, en el que el pintor Foligno cuenta la historia del santo patr\u00f3n y su martirio.<\/p>\n","protected":false},"excerpt":{"rendered":"<p>Bajando desde la Plaza Matteotti, uno de los puntos m\u00e1s altos del tejido urbano de As\u00eds, hacia el centro de la ciudad, la primera plaza que se encuentra es la de San Rufino. La entrada es cuesta abajo a trav\u00e9s de un peque\u00f1o arco, a trav\u00e9s del cual se abre ante nosotros la plaza, vagamente [&hellip;]<\/p>\n","protected":false},"author":1,"featured_media":5958,"parent":3250,"menu_order":0,"comment_status":"closed","ping_status":"closed","template":"","meta":{"om_disable_all_campaigns":false,"_monsterinsights_skip_tracking":false,"_monsterinsights_sitenote_active":false,"_monsterinsights_sitenote_note":"","_monsterinsights_sitenote_category":0},"acf":[],"yoast_head":"<!-- This site is optimized with the Yoast SEO plugin v18.4.1 - https:\/\/yoast.com\/wordpress\/plugins\/seo\/ -->\n<title>Catedral de San Rufino de As\u00eds - Exploring Umbria<\/title>\n<meta name=\"description\" content=\"La Catedral de San Rufino se nos presenta como una sorpresa, incrustada en el fondo opuesto de la plaza, oculta a la vista de los que entran\" \/>\n<meta name=\"robots\" content=\"index, follow, max-snippet:-1, max-image-preview:large, max-video-preview:-1\" \/>\n<link rel=\"canonical\" href=\"https:\/\/www.exploring-umbria.com\/es\/descubre-asis-la-ciudad-del-alma\/que-ver-en-asis\/catedral-de-san-rufino-de-asis\/\" \/>\n<meta property=\"og:locale\" content=\"es_ES\" \/>\n<meta property=\"og:type\" content=\"article\" \/>\n<meta property=\"og:title\" content=\"Catedral de San Rufino de As\u00eds - Exploring Umbria\" \/>\n<meta property=\"og:description\" content=\"La Catedral de San Rufino se nos presenta como una sorpresa, incrustada en el fondo opuesto de la plaza, oculta a la vista de los que entran\" \/>\n<meta property=\"og:url\" content=\"https:\/\/www.exploring-umbria.com\/es\/descubre-asis-la-ciudad-del-alma\/que-ver-en-asis\/catedral-de-san-rufino-de-asis\/\" \/>\n<meta property=\"og:site_name\" content=\"Exploring Umbria\" \/>\n<meta property=\"article:publisher\" content=\"https:\/\/www.facebook.com\/exploringumbria\/\" \/>\n<meta property=\"article:modified_time\" content=\"2020-03-26T16:04:34+00:00\" \/>\n<meta property=\"og:image\" content=\"https:\/\/www.exploring-umbria.com\/wp-content\/uploads\/2019\/05\/Assisi-Chiesa-San-Rufino.jpeg\" \/>\n\t<meta property=\"og:image:width\" content=\"1800\" \/>\n\t<meta property=\"og:image:height\" content=\"1200\" \/>\n\t<meta property=\"og:image:type\" content=\"image\/jpeg\" \/>\n<meta name=\"twitter:card\" content=\"summary_large_image\" \/>\n<meta name=\"twitter:label1\" content=\"Tiempo de lectura\" \/>\n\t<meta name=\"twitter:data1\" content=\"6 minutos\" \/>\n<script type=\"application\/ld+json\" class=\"yoast-schema-graph\">{\"@context\":\"https:\/\/schema.org\",\"@graph\":[{\"@type\":\"Organization\",\"@id\":\"https:\/\/www.exploring-umbria.com\/es\/#organization\",\"name\":\"Exploring Umbria\",\"url\":\"https:\/\/www.exploring-umbria.com\/es\/\",\"sameAs\":[\"https:\/\/www.facebook.com\/exploringumbria\/\",\"https:\/\/www.instagram.com\/exploringumbria\/\"],\"logo\":{\"@type\":\"ImageObject\",\"@id\":\"https:\/\/www.exploring-umbria.com\/es\/#logo\",\"inLanguage\":\"es\",\"url\":\"https:\/\/www.exploring-umbria.com\/wp-content\/uploads\/2019\/08\/solo-logo-verde.jpg\",\"contentUrl\":\"https:\/\/www.exploring-umbria.com\/wp-content\/uploads\/2019\/08\/solo-logo-verde.jpg\",\"width\":952,\"height\":532,\"caption\":\"Exploring Umbria\"},\"image\":{\"@id\":\"https:\/\/www.exploring-umbria.com\/es\/#logo\"}},{\"@type\":\"WebSite\",\"@id\":\"https:\/\/www.exploring-umbria.com\/es\/#website\",\"url\":\"https:\/\/www.exploring-umbria.com\/es\/\",\"name\":\"Exploring Umbria\",\"description\":\"your dates, your mood, your trip\",\"publisher\":{\"@id\":\"https:\/\/www.exploring-umbria.com\/es\/#organization\"},\"potentialAction\":[{\"@type\":\"SearchAction\",\"target\":{\"@type\":\"EntryPoint\",\"urlTemplate\":\"https:\/\/www.exploring-umbria.com\/es\/?s={search_term_string}\"},\"query-input\":\"required name=search_term_string\"}],\"inLanguage\":\"es\"},{\"@type\":\"ImageObject\",\"@id\":\"https:\/\/www.exploring-umbria.com\/es\/descubre-asis-la-ciudad-del-alma\/que-ver-en-asis\/catedral-de-san-rufino-de-asis\/#primaryimage\",\"inLanguage\":\"es\",\"url\":\"https:\/\/www.exploring-umbria.com\/wp-content\/uploads\/2019\/05\/Assisi-Chiesa-San-Rufino.jpeg\",\"contentUrl\":\"https:\/\/www.exploring-umbria.com\/wp-content\/uploads\/2019\/05\/Assisi-Chiesa-San-Rufino.jpeg\",\"width\":1800,\"height\":1200,\"caption\":\"cattedrale di san Rufino ad Assisi\"},{\"@type\":\"WebPage\",\"@id\":\"https:\/\/www.exploring-umbria.com\/es\/descubre-asis-la-ciudad-del-alma\/que-ver-en-asis\/catedral-de-san-rufino-de-asis\/#webpage\",\"url\":\"https:\/\/www.exploring-umbria.com\/es\/descubre-asis-la-ciudad-del-alma\/que-ver-en-asis\/catedral-de-san-rufino-de-asis\/\",\"name\":\"Catedral de San Rufino de As\u00eds - Exploring Umbria\",\"isPartOf\":{\"@id\":\"https:\/\/www.exploring-umbria.com\/es\/#website\"},\"primaryImageOfPage\":{\"@id\":\"https:\/\/www.exploring-umbria.com\/es\/descubre-asis-la-ciudad-del-alma\/que-ver-en-asis\/catedral-de-san-rufino-de-asis\/#primaryimage\"},\"datePublished\":\"2018-11-23T11:00:09+00:00\",\"dateModified\":\"2020-03-26T16:04:34+00:00\",\"description\":\"La Catedral de San Rufino se nos presenta como una sorpresa, incrustada en el fondo opuesto de la plaza, oculta a la vista de los que entran\",\"breadcrumb\":{\"@id\":\"https:\/\/www.exploring-umbria.com\/es\/descubre-asis-la-ciudad-del-alma\/que-ver-en-asis\/catedral-de-san-rufino-de-asis\/#breadcrumb\"},\"inLanguage\":\"es\",\"potentialAction\":[{\"@type\":\"ReadAction\",\"target\":[\"https:\/\/www.exploring-umbria.com\/es\/descubre-asis-la-ciudad-del-alma\/que-ver-en-asis\/catedral-de-san-rufino-de-asis\/\"]}]},{\"@type\":\"BreadcrumbList\",\"@id\":\"https:\/\/www.exploring-umbria.com\/es\/descubre-asis-la-ciudad-del-alma\/que-ver-en-asis\/catedral-de-san-rufino-de-asis\/#breadcrumb\",\"itemListElement\":[{\"@type\":\"ListItem\",\"position\":1,\"name\":\"Home\",\"item\":\"https:\/\/www.exploring-umbria.com\/es\/\"},{\"@type\":\"ListItem\",\"position\":2,\"name\":\"Descubre As\u00eds: la ciudad del alma\",\"item\":\"https:\/\/www.exploring-umbria.com\/es\/descubre-asis-la-ciudad-del-alma\/\"},{\"@type\":\"ListItem\",\"position\":3,\"name\":\"Qu\u00e9 ver en As\u00eds\",\"item\":\"https:\/\/www.exploring-umbria.com\/es\/descubre-asis-la-ciudad-del-alma\/que-ver-en-asis\/\"},{\"@type\":\"ListItem\",\"position\":4,\"name\":\"Catedral de San Rufino de As\u00eds\"}]}]}<\/script>\n<!-- \/ Yoast SEO plugin. -->","yoast_head_json":{"title":"Catedral de San Rufino de As\u00eds - Exploring Umbria","description":"La Catedral de San Rufino se nos presenta como una sorpresa, incrustada en el fondo opuesto de la plaza, oculta a la vista de los que entran","robots":{"index":"index","follow":"follow","max-snippet":"max-snippet:-1","max-image-preview":"max-image-preview:large","max-video-preview":"max-video-preview:-1"},"canonical":"https:\/\/www.exploring-umbria.com\/es\/descubre-asis-la-ciudad-del-alma\/que-ver-en-asis\/catedral-de-san-rufino-de-asis\/","og_locale":"es_ES","og_type":"article","og_title":"Catedral de San Rufino de As\u00eds - Exploring Umbria","og_description":"La Catedral de San Rufino se nos presenta como una sorpresa, incrustada en el fondo opuesto de la plaza, oculta a la vista de los que entran","og_url":"https:\/\/www.exploring-umbria.com\/es\/descubre-asis-la-ciudad-del-alma\/que-ver-en-asis\/catedral-de-san-rufino-de-asis\/","og_site_name":"Exploring Umbria","article_publisher":"https:\/\/www.facebook.com\/exploringumbria\/","article_modified_time":"2020-03-26T16:04:34+00:00","og_image":[{"width":1800,"height":1200,"url":"https:\/\/www.exploring-umbria.com\/wp-content\/uploads\/2019\/05\/Assisi-Chiesa-San-Rufino.jpeg","type":"image\/jpeg"}],"twitter_card":"summary_large_image","twitter_misc":{"Tiempo de lectura":"6 minutos"},"schema":{"@context":"https:\/\/schema.org","@graph":[{"@type":"Organization","@id":"https:\/\/www.exploring-umbria.com\/es\/#organization","name":"Exploring Umbria","url":"https:\/\/www.exploring-umbria.com\/es\/","sameAs":["https:\/\/www.facebook.com\/exploringumbria\/","https:\/\/www.instagram.com\/exploringumbria\/"],"logo":{"@type":"ImageObject","@id":"https:\/\/www.exploring-umbria.com\/es\/#logo","inLanguage":"es","url":"https:\/\/www.exploring-umbria.com\/wp-content\/uploads\/2019\/08\/solo-logo-verde.jpg","contentUrl":"https:\/\/www.exploring-umbria.com\/wp-content\/uploads\/2019\/08\/solo-logo-verde.jpg","width":952,"height":532,"caption":"Exploring Umbria"},"image":{"@id":"https:\/\/www.exploring-umbria.com\/es\/#logo"}},{"@type":"WebSite","@id":"https:\/\/www.exploring-umbria.com\/es\/#website","url":"https:\/\/www.exploring-umbria.com\/es\/","name":"Exploring Umbria","description":"your dates, your mood, your trip","publisher":{"@id":"https:\/\/www.exploring-umbria.com\/es\/#organization"},"potentialAction":[{"@type":"SearchAction","target":{"@type":"EntryPoint","urlTemplate":"https:\/\/www.exploring-umbria.com\/es\/?s={search_term_string}"},"query-input":"required name=search_term_string"}],"inLanguage":"es"},{"@type":"ImageObject","@id":"https:\/\/www.exploring-umbria.com\/es\/descubre-asis-la-ciudad-del-alma\/que-ver-en-asis\/catedral-de-san-rufino-de-asis\/#primaryimage","inLanguage":"es","url":"https:\/\/www.exploring-umbria.com\/wp-content\/uploads\/2019\/05\/Assisi-Chiesa-San-Rufino.jpeg","contentUrl":"https:\/\/www.exploring-umbria.com\/wp-content\/uploads\/2019\/05\/Assisi-Chiesa-San-Rufino.jpeg","width":1800,"height":1200,"caption":"cattedrale di san Rufino ad Assisi"},{"@type":"WebPage","@id":"https:\/\/www.exploring-umbria.com\/es\/descubre-asis-la-ciudad-del-alma\/que-ver-en-asis\/catedral-de-san-rufino-de-asis\/#webpage","url":"https:\/\/www.exploring-umbria.com\/es\/descubre-asis-la-ciudad-del-alma\/que-ver-en-asis\/catedral-de-san-rufino-de-asis\/","name":"Catedral de San Rufino de As\u00eds - Exploring Umbria","isPartOf":{"@id":"https:\/\/www.exploring-umbria.com\/es\/#website"},"primaryImageOfPage":{"@id":"https:\/\/www.exploring-umbria.com\/es\/descubre-asis-la-ciudad-del-alma\/que-ver-en-asis\/catedral-de-san-rufino-de-asis\/#primaryimage"},"datePublished":"2018-11-23T11:00:09+00:00","dateModified":"2020-03-26T16:04:34+00:00","description":"La Catedral de San Rufino se nos presenta como una sorpresa, incrustada en el fondo opuesto de la plaza, oculta a la vista de los que entran","breadcrumb":{"@id":"https:\/\/www.exploring-umbria.com\/es\/descubre-asis-la-ciudad-del-alma\/que-ver-en-asis\/catedral-de-san-rufino-de-asis\/#breadcrumb"},"inLanguage":"es","potentialAction":[{"@type":"ReadAction","target":["https:\/\/www.exploring-umbria.com\/es\/descubre-asis-la-ciudad-del-alma\/que-ver-en-asis\/catedral-de-san-rufino-de-asis\/"]}]},{"@type":"BreadcrumbList","@id":"https:\/\/www.exploring-umbria.com\/es\/descubre-asis-la-ciudad-del-alma\/que-ver-en-asis\/catedral-de-san-rufino-de-asis\/#breadcrumb","itemListElement":[{"@type":"ListItem","position":1,"name":"Home","item":"https:\/\/www.exploring-umbria.com\/es\/"},{"@type":"ListItem","position":2,"name":"Descubre As\u00eds: la ciudad del alma","item":"https:\/\/www.exploring-umbria.com\/es\/descubre-asis-la-ciudad-del-alma\/"},{"@type":"ListItem","position":3,"name":"Qu\u00e9 ver en As\u00eds","item":"https:\/\/www.exploring-umbria.com\/es\/descubre-asis-la-ciudad-del-alma\/que-ver-en-asis\/"},{"@type":"ListItem","position":4,"name":"Catedral de San Rufino de As\u00eds"}]}]}},"_links":{"self":[{"href":"https:\/\/www.exploring-umbria.com\/es\/wp-json\/wp\/v2\/pages\/3233"}],"collection":[{"href":"https:\/\/www.exploring-umbria.com\/es\/wp-json\/wp\/v2\/pages"}],"about":[{"href":"https:\/\/www.exploring-umbria.com\/es\/wp-json\/wp\/v2\/types\/page"}],"author":[{"embeddable":true,"href":"https:\/\/www.exploring-umbria.com\/es\/wp-json\/wp\/v2\/users\/1"}],"replies":[{"embeddable":true,"href":"https:\/\/www.exploring-umbria.com\/es\/wp-json\/wp\/v2\/comments?post=3233"}],"version-history":[{"count":5,"href":"https:\/\/www.exploring-umbria.com\/es\/wp-json\/wp\/v2\/pages\/3233\/revisions"}],"predecessor-version":[{"id":33085,"href":"https:\/\/www.exploring-umbria.com\/es\/wp-json\/wp\/v2\/pages\/3233\/revisions\/33085"}],"up":[{"embeddable":true,"href":"https:\/\/www.exploring-umbria.com\/es\/wp-json\/wp\/v2\/pages\/3250"}],"wp:featuredmedia":[{"embeddable":true,"href":"https:\/\/www.exploring-umbria.com\/es\/wp-json\/wp\/v2\/media\/5958"}],"wp:attachment":[{"href":"https:\/\/www.exploring-umbria.com\/es\/wp-json\/wp\/v2\/media?parent=3233"}],"curies":[{"name":"wp","href":"https:\/\/api.w.org\/{rel}","templated":true}]}}