{"id":2844,"date":"2019-03-08T15:41:30","date_gmt":"2019-03-08T14:41:30","guid":{"rendered":"https:\/\/www.exploring-umbria.com\/tempio-di-minerva\/"},"modified":"2020-03-30T14:41:51","modified_gmt":"2020-03-30T12:41:51","slug":"templo-de-minerva","status":"publish","type":"page","link":"https:\/\/www.exploring-umbria.com\/es\/descubre-asis-la-ciudad-del-alma\/que-ver-en-asis\/templo-de-minerva\/","title":{"rendered":"Templo de Minerva"},"content":{"rendered":"<p>La ma\u00f1ana del 26 de octubre de 1786, un carruaje cruz\u00f3 las puertas de As\u00eds a toda velocidad. Ten\u00eda un solo destino: elcoraz\u00f3n de la ciudad, donde se encuentra lo que ahora se conoce como la Plaza delAyuntamiento. El convoy dibuj\u00f3 una curva apretada en el polvoriento suelo y luego se detuvo abruptamente. El chirrido de las ruedas se mezcl\u00f3 con el nitrito de los caballos y y la campana de la iglesia de <strong>S. Mar\u00eda sobre Minerva<\/strong> son\u00f3 como para anunciarla llegada a la plaza silenciosa. Un hombre elegante baj\u00f3 del carruaje, sus ojos redondos bajo su gran frente y su pelo gris recogido en una cola sobresaliendo de un sombrero de ala ancha. Hab\u00eda venido a As\u00eds para admirar s\u00f3lo una cosa. Hab\u00eda le\u00eddo y anhelado su visita durante a\u00f1os y ahora finalmenteestaba frentea \u00e9l: el <strong>Templo de Minerva<\/strong>. Una de las maravillas mejor conservadas y jam\u00e1s conocidas de laantig\u00fcedad.<\/p>\n<p>Algunas voces afirmaban que el Templo de Minerva hab\u00eda sido erigido ocho siglos antes del nacimiento de Roma por el legendario <em>Dardanus<\/em>, figura h\u00edbrida de la mitolog\u00eda etrusca y griega, predecesor de los fundadores de la ciudad de Troya, pero se trataba de un mito de fundaci\u00f3n transmitido por los habitantes de la ciudad, no de evidencia hist\u00f3rica real. Aunque la leyenda a menudo resulta ser infundada,siempre esconde un aliento de verdad en su interior. El elegante hombre sab\u00eda que el templo, con la conformaci\u00f3n que m\u00e1s o menos hab\u00eda llegado intacta hasta\u00e9l, fue construido alrededor del siglo I d.C., pero tambi\u00e9n sab\u00eda que la raz\u00f3n por la que se escogi\u00f3 ese lugar espec\u00edfico, escapando de la meticulosidad de la historia, era igualmente importante. De hecho, el templo hab\u00eda sido erigido all\u00ed por los romanos porque, en un pasado m\u00e1s antiguo, ya se consideraba un lugar sagrado, tal vez debido a algunas fuentestermales, conformando poco a poco el centro de espiritualidad ancestral del que As\u00eds siempre ha sido portador, independientemente de los pueblos y culturas que lo han habitado.<\/p>\n<p>La buena conservaci\u00f3n del edificio se deb\u00eda tambi\u00e9n al continuo uso que siempre se hab\u00eda hecho de \u00e9l: tras la ca\u00edda del Imperio, pas\u00f3 a ser propiedad de los monjes benedictinos del monte Subasio, en el siglo XIII pas\u00f3 a manos del municipio, que lo utilizaba como c\u00e1rcel, en el siglo XVI volvi\u00f3 a ser una iglesia dedicada a San Donato, para convertirse en el siglo siguiente en la Iglesia de Santa Mar\u00eda sobre Minerva, tal y como hoy la conocemos.<\/p>\n<p>El hombre analiz\u00f3 el Templo de Minerva a la luz del c\u00e1lido sol de la ma\u00f1ana. Los dibujos que hab\u00eda estudiado en los manuales de la biblioteca <em>de Weimar<\/em> no reproduc\u00edan fielmente la fachada ni el tama\u00f1o de la estructura. Diecis\u00e9is metros de altura a los que se a\u00f1adieron las estaturas de tres estatuas, colocadas en la parte superior del t\u00edmpano, estatuas femeninas, iguales a las encontradas en laEdad Media durante algunas excavaciones. Ladedicaci\u00f3n del templo a la diosa <em>Minerva<\/em> deriva precisamente de ese hallazgo, aunque, como se recitaba en una de las tablillas votivas encontradas siglos despu\u00e9s, el templo estaba dedicado a <em>H\u00e9rcules<\/em>. <em>El <a href=\"https:\/\/es.wikipedia.org\/wiki\/Andrea_Palladio\" target=\"_blank\" rel=\"noopener noreferrer\">paladio<\/a> ni<\/em> siquiera hab\u00eda reportado todos esos agujeros que tachonaban el dintel y el t\u00edmpano, por encima de las columnas. \u00bfQu\u00e9 eran? El hombre se sorprendi\u00f3 al principio, pero inmediatamente se reconoce: fueron los agujeros para fijar las letras de bronce que formaban la inscripci\u00f3n dedicatoria en honor de los que hab\u00edan construido el templo: los dos hermanos Cesio, <em>Gneo<\/em> <em>Tirone<\/em> y <em>Tito<\/em>.<\/p>\n<p>Habr\u00eda estado en contemplaci\u00f3n durante horas, all\u00ed delante. No sinti\u00f3 la m\u00e1s m\u00ednima necesidad de entrar y explorar el interior porque sab\u00eda lo que le esperaba: la nave de una sencilla y moderna iglesia barroca, terminada unos a\u00f1os antes; y no le interesaba especialmente. Pero quiso hacer un esfuerzo y cuando lleg\u00f3, su reacci\u00f3n fue opuesta a la que esperaba. En los estucos dorados, en los frescos de <em>Francesco<\/em> <em>Appiani<\/em> que decoraban la b\u00f3veda, en el altar resplandeciente que tomaba el motivo cl\u00e1sico de la fachada, el hombre encontr\u00f3 un extraordinario sentido de espiritualidad. Una espiritualidad eterna que, en este caso, m\u00e1s \u00fanica que rara, no ha dejado de impregnar la estructura desde su construcci\u00f3n. Tal vez incluso ya de antes. En un momento se dio cuenta de que en lo que estaba era quiz\u00e1s el lugar sagrado m\u00e1s longevo del mundo. El poder de su car\u00e1cter sagrado la ha preservado durante milenios, protegi\u00e9ndola de invasiones, guerras civiles, hambrunas y desastres naturales. El Crucificado, los \u00e1ngeles y los santos representados en ese espacio le parec\u00edan llenos de un significado a\u00fan m\u00e1s profundo, si cabe, del que ya llevaban.<\/p>\n<p>Se dio cuenta de que no se hab\u00eda quitado el sombrero, se avergonz\u00f3 de ello, aunque no hab\u00eda nadie en ese momento, y se apresur\u00f3 a remediar la falta de atenci\u00f3n. La ancha ala produjo un cambio de aire y de luz en el interior de la iglesia, alimentada en gran parte por un grupo de velas cercanas, se estremeci\u00f3 un momento, como una tos con la que uno se escapa de la verg\u00fcenza.<\/p>\n<p>El sol volvi\u00f3 a brillar sobre\u00e9l y se encontr\u00f3 frente a cuatro hombres que, mientras tanto, se sintieron atra\u00eddos por el carruaje en llamas que se encontraba en medio de la plaza.<\/p>\n<p>\u00ab<em>\u00a1Doctor! \u00bfNo quiere venir a ver la Bas\u00edlica de nuestro amado San Francisco? -lo presionaron los hombres-. Mira cu\u00e1nto arte hay ah\u00ed dentro.<\/em>\u00bb El hombre levant\u00f3 la vista y dijo: \u00ab<em>\u00bfEh? Uh&#8230;. no, gracias<\/em>\u00ab.<\/p>\n<p>Los hombres se sorprendieron, casi incr\u00e9dulos, y un segundo m\u00e1s tarde las sonrisas mal\u00e9volas se hab\u00eda convertidoen burlas desconfiadas. \u00ab\u00bfPero c\u00f3mo? \u00bfNi siquiera quieres hacerle una ofrenda <em>al Poverello? No es de buen parecer comportarse as\u00ed<\/em>\u00ab.<\/p>\n<p><a href=\"https:\/\/es.wikipedia.org\/wiki\/Johann_Wolfgang_von_Goethe\" target=\"_blank\" rel=\"noopener noreferrer\">Johann Wolfgang Goethe<\/a> los analiz\u00f3 mejor, sac\u00f3 apresuradamente un pu\u00f1ado de escudos de plata de su bolsillo, se los entreg\u00f3 y volvi\u00f3 a subir al carruaje, que volvi\u00f3 a ponerse en marcha tan r\u00e1pido como hab\u00eda llegado, entre el chirrido de las ruedas y el murmullo de los caballos.<\/p>\n<p>[Tomado libremente de Goethe, J., W., <em>Viaje a Italia <\/em>(1787)]<\/p>\n<p>&nbsp;<\/p>\n<p>El \u00a0pronaos de m\u00e1rmol y otros elementos recientemente sacados a la luz por las \u00faltimas excavaciones, como los muros laterales y el muro de contenci\u00f3n del terrapl\u00e9n, son hoy restos del templo romano. El edificio pertenece al tipo de templo <em>prost\u00edlico corintio en antis<\/em>, es decir, con un pronaos delimitado lateralmente por las paredes de la celda, con seis columnas estriadas que descansan sobre altos z\u00f3calos cuadrangulares, trabeaci\u00f3n y front\u00f3n. <em>Giotto<\/em> lo retrat\u00f3 en el primero de los frescos del ciclo franciscano de la <a href=\"https:\/\/www.exploring-umbria.com\/es\/subcategories\/cosa-fare-e-cosa-vedere-ad-assisi\/#heading3237\" target=\"_blank\" rel=\"noopener noreferrer\">Bas\u00edlica Superior<\/a> \u00a0en la pintura titulada \u00abSan Francisco y el hombre <em>simple<\/em>\u00ab. El interior de la celda fue destruido durante los primeros trabajos de renovaci\u00f3n del siglo XVI. El fresco de la b\u00f3veda de la nave \u00fanica representa a \u00ab<em>S. Filippo Neri en Gloria<\/em>\u00bb pintado por <em>Francesco Appiani<\/em>. Las pinturas que decoran los altares laterales fueron realizadas en la segunda mitad del siglo XVIII y representan \u00a0la \u00ab<em>Muerte de San Andr\u00e9s de Avellino<\/em>\u00bb de <em>Anton Maria Garbi<\/em> y la \u00abMuerte de San Jos\u00e9\u00bb del austriaco <em>Martin Knoeller<\/em>. El altar mayor, decorado como la mayor parte de la iglesia con representaciones de \u00e1ngeles y querubines en masilla dorada, conserva el cuadro \u00ab<strong><em>Dios con los \u00e1ngeles<\/em><\/strong><strong>\u00ab<\/strong>del pintor y arquitecto <strong>Giacomo Giorgetti<\/strong>, que tambi\u00e9n fue director delas \u00faltimas obras de innovaci\u00f3n del interior de la iglesia, terminado unos veinte a\u00f1os antes de la llegada de Goethe.<\/p>\n","protected":false},"excerpt":{"rendered":"<p>La ma\u00f1ana del 26 de octubre de 1786, un carruaje cruz\u00f3 las puertas de As\u00eds a toda velocidad. Ten\u00eda un solo destino: elcoraz\u00f3n de la ciudad, donde se encuentra lo que ahora se conoce como la Plaza delAyuntamiento. El convoy dibuj\u00f3 una curva apretada en el polvoriento suelo y luego se detuvo abruptamente. El chirrido [&hellip;]<\/p>\n","protected":false},"author":4,"featured_media":5934,"parent":3250,"menu_order":0,"comment_status":"closed","ping_status":"closed","template":"","meta":{"om_disable_all_campaigns":false,"_monsterinsights_skip_tracking":false,"_monsterinsights_sitenote_active":false,"_monsterinsights_sitenote_note":"","_monsterinsights_sitenote_category":0},"acf":[],"yoast_head":"<!-- This site is optimized with the Yoast SEO plugin v18.4.1 - https:\/\/yoast.com\/wordpress\/plugins\/seo\/ -->\n<title>Templo de Minerva - Exploring Umbria<\/title>\n<meta name=\"description\" content=\"Algunas voces afirmaban que el Templo de Minerva hab\u00eda sido erigido ocho siglos antes del nacimiento de Roma por el legendario Dardanus\" \/>\n<meta name=\"robots\" content=\"index, follow, max-snippet:-1, max-image-preview:large, max-video-preview:-1\" \/>\n<link rel=\"canonical\" href=\"https:\/\/www.exploring-umbria.com\/es\/descubre-asis-la-ciudad-del-alma\/que-ver-en-asis\/templo-de-minerva\/\" \/>\n<meta property=\"og:locale\" content=\"es_ES\" \/>\n<meta property=\"og:type\" content=\"article\" \/>\n<meta property=\"og:title\" content=\"Templo de Minerva - Exploring Umbria\" \/>\n<meta property=\"og:description\" content=\"Algunas voces afirmaban que el Templo de Minerva hab\u00eda sido erigido ocho siglos antes del nacimiento de Roma por el legendario Dardanus\" \/>\n<meta property=\"og:url\" content=\"https:\/\/www.exploring-umbria.com\/es\/descubre-asis-la-ciudad-del-alma\/que-ver-en-asis\/templo-de-minerva\/\" \/>\n<meta property=\"og:site_name\" content=\"Exploring Umbria\" \/>\n<meta property=\"article:publisher\" content=\"https:\/\/www.facebook.com\/exploringumbria\/\" \/>\n<meta property=\"article:modified_time\" content=\"2020-03-30T12:41:51+00:00\" \/>\n<meta property=\"og:image\" content=\"https:\/\/www.exploring-umbria.com\/wp-content\/uploads\/2019\/05\/Assisi-Tempio-di-Minerva.jpeg\" \/>\n\t<meta property=\"og:image:width\" content=\"1800\" \/>\n\t<meta property=\"og:image:height\" content=\"1200\" \/>\n\t<meta property=\"og:image:type\" content=\"image\/jpeg\" \/>\n<meta name=\"twitter:card\" content=\"summary_large_image\" \/>\n<meta name=\"twitter:label1\" content=\"Tiempo de lectura\" \/>\n\t<meta name=\"twitter:data1\" content=\"7 minutos\" \/>\n<script type=\"application\/ld+json\" class=\"yoast-schema-graph\">{\"@context\":\"https:\/\/schema.org\",\"@graph\":[{\"@type\":\"Organization\",\"@id\":\"https:\/\/www.exploring-umbria.com\/es\/#organization\",\"name\":\"Exploring Umbria\",\"url\":\"https:\/\/www.exploring-umbria.com\/es\/\",\"sameAs\":[\"https:\/\/www.facebook.com\/exploringumbria\/\",\"https:\/\/www.instagram.com\/exploringumbria\/\"],\"logo\":{\"@type\":\"ImageObject\",\"@id\":\"https:\/\/www.exploring-umbria.com\/es\/#logo\",\"inLanguage\":\"es\",\"url\":\"https:\/\/www.exploring-umbria.com\/wp-content\/uploads\/2019\/08\/solo-logo-verde.jpg\",\"contentUrl\":\"https:\/\/www.exploring-umbria.com\/wp-content\/uploads\/2019\/08\/solo-logo-verde.jpg\",\"width\":952,\"height\":532,\"caption\":\"Exploring Umbria\"},\"image\":{\"@id\":\"https:\/\/www.exploring-umbria.com\/es\/#logo\"}},{\"@type\":\"WebSite\",\"@id\":\"https:\/\/www.exploring-umbria.com\/es\/#website\",\"url\":\"https:\/\/www.exploring-umbria.com\/es\/\",\"name\":\"Exploring Umbria\",\"description\":\"your dates, your mood, your trip\",\"publisher\":{\"@id\":\"https:\/\/www.exploring-umbria.com\/es\/#organization\"},\"potentialAction\":[{\"@type\":\"SearchAction\",\"target\":{\"@type\":\"EntryPoint\",\"urlTemplate\":\"https:\/\/www.exploring-umbria.com\/es\/?s={search_term_string}\"},\"query-input\":\"required name=search_term_string\"}],\"inLanguage\":\"es\"},{\"@type\":\"ImageObject\",\"@id\":\"https:\/\/www.exploring-umbria.com\/es\/descubre-asis-la-ciudad-del-alma\/que-ver-en-asis\/templo-de-minerva\/#primaryimage\",\"inLanguage\":\"es\",\"url\":\"https:\/\/www.exploring-umbria.com\/wp-content\/uploads\/2019\/05\/Assisi-Tempio-di-Minerva.jpeg\",\"contentUrl\":\"https:\/\/www.exploring-umbria.com\/wp-content\/uploads\/2019\/05\/Assisi-Tempio-di-Minerva.jpeg\",\"width\":1800,\"height\":1200,\"caption\":\"Il tempio di Minerva ad Assisi\"},{\"@type\":\"WebPage\",\"@id\":\"https:\/\/www.exploring-umbria.com\/es\/descubre-asis-la-ciudad-del-alma\/que-ver-en-asis\/templo-de-minerva\/#webpage\",\"url\":\"https:\/\/www.exploring-umbria.com\/es\/descubre-asis-la-ciudad-del-alma\/que-ver-en-asis\/templo-de-minerva\/\",\"name\":\"Templo de Minerva - Exploring Umbria\",\"isPartOf\":{\"@id\":\"https:\/\/www.exploring-umbria.com\/es\/#website\"},\"primaryImageOfPage\":{\"@id\":\"https:\/\/www.exploring-umbria.com\/es\/descubre-asis-la-ciudad-del-alma\/que-ver-en-asis\/templo-de-minerva\/#primaryimage\"},\"datePublished\":\"2019-03-08T14:41:30+00:00\",\"dateModified\":\"2020-03-30T12:41:51+00:00\",\"description\":\"Algunas voces afirmaban que el Templo de Minerva hab\u00eda sido erigido ocho siglos antes del nacimiento de Roma por el legendario Dardanus\",\"breadcrumb\":{\"@id\":\"https:\/\/www.exploring-umbria.com\/es\/descubre-asis-la-ciudad-del-alma\/que-ver-en-asis\/templo-de-minerva\/#breadcrumb\"},\"inLanguage\":\"es\",\"potentialAction\":[{\"@type\":\"ReadAction\",\"target\":[\"https:\/\/www.exploring-umbria.com\/es\/descubre-asis-la-ciudad-del-alma\/que-ver-en-asis\/templo-de-minerva\/\"]}]},{\"@type\":\"BreadcrumbList\",\"@id\":\"https:\/\/www.exploring-umbria.com\/es\/descubre-asis-la-ciudad-del-alma\/que-ver-en-asis\/templo-de-minerva\/#breadcrumb\",\"itemListElement\":[{\"@type\":\"ListItem\",\"position\":1,\"name\":\"Home\",\"item\":\"https:\/\/www.exploring-umbria.com\/es\/\"},{\"@type\":\"ListItem\",\"position\":2,\"name\":\"Descubre As\u00eds: la ciudad del alma\",\"item\":\"https:\/\/www.exploring-umbria.com\/es\/descubre-asis-la-ciudad-del-alma\/\"},{\"@type\":\"ListItem\",\"position\":3,\"name\":\"Qu\u00e9 ver en As\u00eds\",\"item\":\"https:\/\/www.exploring-umbria.com\/es\/descubre-asis-la-ciudad-del-alma\/que-ver-en-asis\/\"},{\"@type\":\"ListItem\",\"position\":4,\"name\":\"Templo de Minerva\"}]}]}<\/script>\n<!-- \/ Yoast SEO plugin. -->","yoast_head_json":{"title":"Templo de Minerva - Exploring Umbria","description":"Algunas voces afirmaban que el Templo de Minerva hab\u00eda sido erigido ocho siglos antes del nacimiento de Roma por el legendario Dardanus","robots":{"index":"index","follow":"follow","max-snippet":"max-snippet:-1","max-image-preview":"max-image-preview:large","max-video-preview":"max-video-preview:-1"},"canonical":"https:\/\/www.exploring-umbria.com\/es\/descubre-asis-la-ciudad-del-alma\/que-ver-en-asis\/templo-de-minerva\/","og_locale":"es_ES","og_type":"article","og_title":"Templo de Minerva - Exploring Umbria","og_description":"Algunas voces afirmaban que el Templo de Minerva hab\u00eda sido erigido ocho siglos antes del nacimiento de Roma por el legendario Dardanus","og_url":"https:\/\/www.exploring-umbria.com\/es\/descubre-asis-la-ciudad-del-alma\/que-ver-en-asis\/templo-de-minerva\/","og_site_name":"Exploring Umbria","article_publisher":"https:\/\/www.facebook.com\/exploringumbria\/","article_modified_time":"2020-03-30T12:41:51+00:00","og_image":[{"width":1800,"height":1200,"url":"https:\/\/www.exploring-umbria.com\/wp-content\/uploads\/2019\/05\/Assisi-Tempio-di-Minerva.jpeg","type":"image\/jpeg"}],"twitter_card":"summary_large_image","twitter_misc":{"Tiempo de lectura":"7 minutos"},"schema":{"@context":"https:\/\/schema.org","@graph":[{"@type":"Organization","@id":"https:\/\/www.exploring-umbria.com\/es\/#organization","name":"Exploring Umbria","url":"https:\/\/www.exploring-umbria.com\/es\/","sameAs":["https:\/\/www.facebook.com\/exploringumbria\/","https:\/\/www.instagram.com\/exploringumbria\/"],"logo":{"@type":"ImageObject","@id":"https:\/\/www.exploring-umbria.com\/es\/#logo","inLanguage":"es","url":"https:\/\/www.exploring-umbria.com\/wp-content\/uploads\/2019\/08\/solo-logo-verde.jpg","contentUrl":"https:\/\/www.exploring-umbria.com\/wp-content\/uploads\/2019\/08\/solo-logo-verde.jpg","width":952,"height":532,"caption":"Exploring Umbria"},"image":{"@id":"https:\/\/www.exploring-umbria.com\/es\/#logo"}},{"@type":"WebSite","@id":"https:\/\/www.exploring-umbria.com\/es\/#website","url":"https:\/\/www.exploring-umbria.com\/es\/","name":"Exploring Umbria","description":"your dates, your mood, your trip","publisher":{"@id":"https:\/\/www.exploring-umbria.com\/es\/#organization"},"potentialAction":[{"@type":"SearchAction","target":{"@type":"EntryPoint","urlTemplate":"https:\/\/www.exploring-umbria.com\/es\/?s={search_term_string}"},"query-input":"required name=search_term_string"}],"inLanguage":"es"},{"@type":"ImageObject","@id":"https:\/\/www.exploring-umbria.com\/es\/descubre-asis-la-ciudad-del-alma\/que-ver-en-asis\/templo-de-minerva\/#primaryimage","inLanguage":"es","url":"https:\/\/www.exploring-umbria.com\/wp-content\/uploads\/2019\/05\/Assisi-Tempio-di-Minerva.jpeg","contentUrl":"https:\/\/www.exploring-umbria.com\/wp-content\/uploads\/2019\/05\/Assisi-Tempio-di-Minerva.jpeg","width":1800,"height":1200,"caption":"Il tempio di Minerva ad Assisi"},{"@type":"WebPage","@id":"https:\/\/www.exploring-umbria.com\/es\/descubre-asis-la-ciudad-del-alma\/que-ver-en-asis\/templo-de-minerva\/#webpage","url":"https:\/\/www.exploring-umbria.com\/es\/descubre-asis-la-ciudad-del-alma\/que-ver-en-asis\/templo-de-minerva\/","name":"Templo de Minerva - Exploring Umbria","isPartOf":{"@id":"https:\/\/www.exploring-umbria.com\/es\/#website"},"primaryImageOfPage":{"@id":"https:\/\/www.exploring-umbria.com\/es\/descubre-asis-la-ciudad-del-alma\/que-ver-en-asis\/templo-de-minerva\/#primaryimage"},"datePublished":"2019-03-08T14:41:30+00:00","dateModified":"2020-03-30T12:41:51+00:00","description":"Algunas voces afirmaban que el Templo de Minerva hab\u00eda sido erigido ocho siglos antes del nacimiento de Roma por el legendario Dardanus","breadcrumb":{"@id":"https:\/\/www.exploring-umbria.com\/es\/descubre-asis-la-ciudad-del-alma\/que-ver-en-asis\/templo-de-minerva\/#breadcrumb"},"inLanguage":"es","potentialAction":[{"@type":"ReadAction","target":["https:\/\/www.exploring-umbria.com\/es\/descubre-asis-la-ciudad-del-alma\/que-ver-en-asis\/templo-de-minerva\/"]}]},{"@type":"BreadcrumbList","@id":"https:\/\/www.exploring-umbria.com\/es\/descubre-asis-la-ciudad-del-alma\/que-ver-en-asis\/templo-de-minerva\/#breadcrumb","itemListElement":[{"@type":"ListItem","position":1,"name":"Home","item":"https:\/\/www.exploring-umbria.com\/es\/"},{"@type":"ListItem","position":2,"name":"Descubre As\u00eds: la ciudad del alma","item":"https:\/\/www.exploring-umbria.com\/es\/descubre-asis-la-ciudad-del-alma\/"},{"@type":"ListItem","position":3,"name":"Qu\u00e9 ver en As\u00eds","item":"https:\/\/www.exploring-umbria.com\/es\/descubre-asis-la-ciudad-del-alma\/que-ver-en-asis\/"},{"@type":"ListItem","position":4,"name":"Templo de Minerva"}]}]}},"_links":{"self":[{"href":"https:\/\/www.exploring-umbria.com\/es\/wp-json\/wp\/v2\/pages\/2844"}],"collection":[{"href":"https:\/\/www.exploring-umbria.com\/es\/wp-json\/wp\/v2\/pages"}],"about":[{"href":"https:\/\/www.exploring-umbria.com\/es\/wp-json\/wp\/v2\/types\/page"}],"author":[{"embeddable":true,"href":"https:\/\/www.exploring-umbria.com\/es\/wp-json\/wp\/v2\/users\/4"}],"replies":[{"embeddable":true,"href":"https:\/\/www.exploring-umbria.com\/es\/wp-json\/wp\/v2\/comments?post=2844"}],"version-history":[{"count":5,"href":"https:\/\/www.exploring-umbria.com\/es\/wp-json\/wp\/v2\/pages\/2844\/revisions"}],"predecessor-version":[{"id":33170,"href":"https:\/\/www.exploring-umbria.com\/es\/wp-json\/wp\/v2\/pages\/2844\/revisions\/33170"}],"up":[{"embeddable":true,"href":"https:\/\/www.exploring-umbria.com\/es\/wp-json\/wp\/v2\/pages\/3250"}],"wp:featuredmedia":[{"embeddable":true,"href":"https:\/\/www.exploring-umbria.com\/es\/wp-json\/wp\/v2\/media\/5934"}],"wp:attachment":[{"href":"https:\/\/www.exploring-umbria.com\/es\/wp-json\/wp\/v2\/media?parent=2844"}],"curies":[{"name":"wp","href":"https:\/\/api.w.org\/{rel}","templated":true}]}}