{"id":2845,"date":"2019-03-08T15:41:30","date_gmt":"2019-03-08T14:41:30","guid":{"rendered":"https:\/\/www.exploring-umbria.com\/tempio-di-minerva\/"},"modified":"2020-03-30T14:35:37","modified_gmt":"2020-03-30T12:35:37","slug":"tempel-der-minerva","status":"publish","type":"page","link":"https:\/\/www.exploring-umbria.com\/de\/entdecke-assisi\/sehenswuerdigkeiten-in-assisi\/tempel-der-minerva\/","title":{"rendered":"Tempel der Minerva"},"content":{"rendered":"<p>Am Morgen des 26. Oktober 1786 fuhr ein Wagen mit voller Geschwindigkeit durch die Tore von Assisi. Er hatte nur ein Ziel: das Zentrum der Stadt, wo sich das befand, was heute als Piazza del Comune bekannt ist. Der Konvoi drehte auf dem staubigen Kopfsteinpflaster eine enge Kurve und hielt dann abrupt an. Das Quietschen der R\u00e4der vermischte sich mit dem Gewieher der Pferde und die Glocke der Kirche <strong>S. Maria sopra Minerva <\/strong>erklang, als ob die Ankunft auf dem Platz still ank\u00fcndigen wollte. Ein eleganter Mann stieg vom Wagen herab, seine Augen waren rund unter seiner breiten Stirn und sein graues Haar sammelte sich in einem Pferdeschwanz, der unter seinem breitkrempigen Hut erschien. Er war nach Assisi gekommen, um nur eines zu bewundern. Er hatte davon gelesen und sich jahrelang nach diesem Besuch gesehnt, und jetzt stand er endlich davor: der <strong>Tempel der Minerva<\/strong>. Eines der am besten erhaltenen und bekannten Wunder der Antike.<\/p>\n<p>Einige Stimmen behaupteten, dass der Tempel der Minerva acht Jahrhunderte vor der Entstehung Roms von dem legend\u00e4ren <em>Dardanus<\/em>, einer hybriden Gestalt der etruskischen und griechischen Mythologie, dem Vorg\u00e4nger der Gr\u00fcnder der Stadt Troja, errichtet worden war, aber dies war ein Gr\u00fcndungsmythos, der von den Bewohnern der Stadt \u00fcberliefert wurde, kein echter historischer Beweis. Die Legende gilt oftmals als unbegr\u00fcndet, birgt jedoch immer einen Hauch von Wahrheit in sich. Der elegante Mann wusste, dass der Tempel in der Form, die er mehr oder weniger intakt vorfand, erst um das erste Jahrhundert n. Chr. gebaut wurde, aber er wusste auch, dass der Grund f\u00fcr die Auswahl dieses bestimmten Ortes, der in der Sorgfalt der Geschichte untergegangen war, ebenso wichtig war. Tats\u00e4chlich war dort von den R\u00f6mern ein Tempel errichtet worden, weil dieser Ort bereits in der Vergangenheit als heilig galt, m\u00f6glicherweise aufgrund einiger Thermalquellen, und sich allm\u00e4hlich zum Zentrum der Spiritualit\u00e4t entwickelte, die in Assisi unabh\u00e4ngig von den V\u00f6lkern und Kulturen, die die Stadt bewohnt haben, stets vorhanden war.<\/p>\n<p>Der gute Erhaltungszustand des Geb\u00e4udes ist auch auf seine ununterbrochene Nutzung zur\u00fcckzuf\u00fchren: Nach dem Zerfall des R\u00f6mischen Reichs ging es in den Besitz der Benediktinerm\u00f6nche von Monte Subasio \u00fcber; im 13. Jahrhundert fiel es in die H\u00e4nde der Stadt, die es als Gef\u00e4ngnis nutzte; im 16. Jahrhundert wurde es wieder zu einer Kirche, die dem Hl. Donatus gewidmet war, um im darauffolgenden Jahrhundert zur Kirche S. Maria sopra Minerva zu werden, die bis heute erhalten ist.<\/p>\n<p>Der Mann betrachtete den Tempel der Minerva im Licht der warmen Morgensonne. Auf den Zeichnungen, die er in den Handb\u00fcchern von <em>Palladio<\/em> in der Weimarer Bibliothek studiert hatte, entsprachen Fassade und Gr\u00f6\u00dfe nicht dem tats\u00e4chlichen Geb\u00e4ude. Sechzehn Meter H\u00f6he, zu der die Gr\u00f6\u00dfe von drei Statuen, die sich auf der Spitze des Tympanums befinden, hinzukommen sollten. Es waren weibliche Statuen, wie sie im Mittelalter bei einigen Ausgrabungen gefunden wurden. Die Widmung des Tempels an die G\u00f6ttin <em>Minerva<\/em> ergab sich genau aus diesem Fund, obwohl auf einer Votivtafel, die Jahrhunderte sp\u00e4ter gefunden wurde, zu lesen ist, dass der Tempel <em>Herkules<\/em> gewidmet war. <a href=\"https:\/\/de.wikipedia.org\/wiki\/Andrea_Palladio\" target=\"_blank\" rel=\"noopener noreferrer\"><em>Palladio<\/em> <\/a>hatte nicht einmal all die L\u00f6cher dargestellt, die den Architrav und das Tympanon \u00fcber den S\u00e4ulen umgaben. Was war das? Der Mann war zun\u00e4chst \u00fcberrascht, aber dann wurde ihm sofort klar: Es waren die L\u00f6cher f\u00fcr die Befestigung der bronzenen Buchstaben zu Ehren der Errichter des Tempels: die Br\u00fcder <em>Cesio<\/em>, <em>Gneo<\/em> <em>Tirone<\/em> und <em>Tito<\/em>.<\/p>\n<p>Er beobachtete stundenlang das Geb\u00e4ude vor sich. Er hatte nicht das geringste Bed\u00fcrfnis, das Innere zu betreten und zu erkunden, denn er wusste, was ihn erwartete: das Kirchenschiff einer einfachen und modernen Barockkirche, die einige Jahre zuvor fertiggestellt wurde, und daran war er nicht besonders interessiert. Aber er wollte die Kirche dennoch betreten, und dabei erf\u00fcllte seine Reaktion nicht seine Erwartungen. In den vergoldeten Stuckarbeiten, in den Fresken von <em>Francesco Appiani<\/em>, die das Gew\u00f6lbe schm\u00fcckten, im funkelnden Altar, der das klassische Motiv der Fassade aufgriff, fand der Mann ein au\u00dfergew\u00f6hnliches Gef\u00fchl der Spiritualit\u00e4t. Eine ewige Spiritualit\u00e4t, die in diesem eher einzigartigen als seltenen Fall seit ihrer Entstehung immer wieder das Geb\u00e4ude durchdrungen hat. Vielleicht sogar schon fr\u00fcher. In einem Moment erkannte er, dass der Ort, an dem er sich befand, vielleicht der \u00e4lteste heilige Ort der Welt war. Die Kraft seiner Heiligkeit hatte ihn \u00fcber die Jahrtausende bewahrt und ihn vor Invasionen, B\u00fcrgerkriegen, Hungersn\u00f6ten und Naturkatastrophen gesch\u00fctzt. Das Kreuz, die Engel und Heiligen, die in diesem Raum dargestellt wurden, schienen f\u00fcr ihn eine noch tiefere Bedeutung einzunehmen als sie schon hatten, falls dies m\u00f6glich war.<\/p>\n<p>Er bemerkte, dass er seinen Hut nicht abgenommen hatte, er sch\u00e4mte sich daf\u00fcr, obwohl in diesem Moment niemand da war, und behob diese Unachtsamkeit hastig. Die breite Krempe erzeugte eine Luftzug, und das Licht in der Kirche, das gr\u00f6\u00dftenteils von einer Gruppe aus Kerzen in der N\u00e4he stammte, flackerte f\u00fcr einen Moment, wie ein Husten, der von Peinlichkeit ablenkt.<\/p>\n<p>Als er wieder drau\u00dfen in der Sonne war, war er vom Licht und von der aufregenden Beobachtung ersch\u00fcttert. Auf einmal stand er vor vier M\u00e4nnern, die in der Zwischenzeit von der mitten auf der Piazza abgestellten Kutsche angezogen wurden.<\/p>\n<p>\u201c<em>Doktor<\/em>!\u201d, bedr\u00e4ngen sie ihn. \u201e<em>M\u00f6chten Sie nicht die Basilika unseres geliebten Franziskus ansehen? Sie werden sehen, wie viel Kunst in ihr verborgen ist<\/em>.\u201c Der Mann \u00f6ffnete leicht seine Augen und sprach: \u201e<em>Hm? \u00c4hm\u2026nein, danke<\/em>\u201c.<\/p>\n<p>Die M\u00e4nner waren \u00fcberrascht, fast schon sprachlos, und eine Sekunde sp\u00e4ter verwandelte sich ihr schurkisches L\u00e4cheln in ein argw\u00f6hnisches Grinsen. \u201e<em>Was? Nicht einmal eine Spende haben Sie f\u00fcr den Armen \u00fcbrig? Das zeugt nicht von gutem Verhalten<\/em>\u201c.<\/p>\n<p><a href=\"https:\/\/de.wikipedia.org\/wiki\/Johann_Wolfgang_von_Goethe\" target=\"_blank\" rel=\"noopener noreferrer\">Johan Wolfgang von Goethe<\/a> beobachtete sie genauer, nahm schnell eine Hand voll Silberm\u00fcnzen aus der Tasche, \u00fcberreichte sie den M\u00e4nnern und stieg wieder in seine Kutsche, die mit quietschenden R\u00e4dern und wiehernden Pferden so schnell verschwand wie sie gekommen war.<\/p>\n<p>[Frei \u00fcbersetzt aus Goethe, J., W., <em>Italienische Reise 1786-87 <\/em>(1787)]<\/p>\n<p>Vom r\u00f6mischen Tempel sind heute noch die Vorhalle aus Marmor sowie andere k\u00fcrzlich bei Ausgrabungen gefundene Elemente erhalten, darunter etwa die Seitenmauern und die St\u00fctzmauer des Erdwalls. Das Geb\u00e4ude geh\u00f6rt der Art eines korinthischen Prostiltempels <em>in Antis<\/em> an und verf\u00fcgt \u00fcber eine Pronaos, die seitlich durch die W\u00e4nde der Zelle begrenzt ist, mit sechs geriffelten S\u00e4ulen, die auf hohen viereckigen Sockeln, Trabeation und Giebel stehen. <em>Giotto<\/em> stellte ihn im ersten der Fresken des Franziskanerzyklus der <a href=\"https:\/\/www.exploring-umbria.com\/de\/subcategories\/cosa-fare-e-cosa-vedere-ad-assisi\/#heading3236\" target=\"_blank\" rel=\"noopener noreferrer\"><em>Basilica Superiore<\/em><\/a> im Gem\u00e4lde \u201e<em>Hl. Franziskus und der einfache Mensch<\/em>\u201c dar. Das Innere der Zelle wurde bei den ersten Renovierungsarbeiten im 16. Jahrhundert zerst\u00f6rt. Das Fresko auf dem Gew\u00f6lbe des einzigen Schiffes stellt \u201e<em>S. Filippo Neri in Gloria<\/em>\u201c von <em>Francesco Appiani<\/em> dar. Die Gem\u00e4lde, die die Seitenalt\u00e4re schm\u00fccken, wurden in der zweiten H\u00e4lfte des 18. Jahrhunderts ausgef\u00fchrt und zeigen den \u201e<em>Tod des Heiligen Andreas von Avellino<\/em>\u201c von <em>Anton Maria Garbi<\/em> und den \u201e<em>Tod des Heiligen Jose<\/em>f\u201c des \u00d6sterreichers <em>Martin Knoeller<\/em>. Der Hochaltar, der wie die meisten Kirchen mit Darstellungen von Engeln und Putten in vergoldetem Stuck verziert ist, enth\u00e4lt das Gem\u00e4lde \u201e<em>Gott mit den Engeln<\/em>\u201c des Malers und Architekten <strong>Giacomo Giorgetti<\/strong>, der auch Leiter der letzten Renovierungsarbeiten im Inneren der Kirche war, die etwa zwanzig Jahre vor der Ankunft Goethes fertiggestellt wurden.<\/p>\n","protected":false},"excerpt":{"rendered":"<p>Am Morgen des 26. Oktober 1786 fuhr ein Wagen mit voller Geschwindigkeit durch die Tore von Assisi. Er hatte nur ein Ziel: das Zentrum der Stadt, wo sich das befand, was heute als Piazza del Comune bekannt ist. Der Konvoi drehte auf dem staubigen Kopfsteinpflaster eine enge Kurve und hielt dann abrupt an. Das Quietschen [&hellip;]<\/p>\n","protected":false},"author":4,"featured_media":5933,"parent":3249,"menu_order":0,"comment_status":"closed","ping_status":"closed","template":"","meta":{"om_disable_all_campaigns":false,"_monsterinsights_skip_tracking":false,"_monsterinsights_sitenote_active":false,"_monsterinsights_sitenote_note":"","_monsterinsights_sitenote_category":0},"acf":[],"yoast_head":"<!-- This site is optimized with the Yoast SEO plugin v18.4.1 - https:\/\/yoast.com\/wordpress\/plugins\/seo\/ -->\n<title>Tempel der Minerva - Exploring Umbria<\/title>\n<meta name=\"description\" content=\"inige Stimmen behaupteten, dass der Tempel der Minerva acht Jahrhunderte vor der Entstehung Roms von dem legend\u00e4ren Dardanus\" \/>\n<meta name=\"robots\" content=\"index, follow, max-snippet:-1, max-image-preview:large, max-video-preview:-1\" \/>\n<link rel=\"canonical\" href=\"https:\/\/www.exploring-umbria.com\/de\/entdecke-assisi\/sehenswuerdigkeiten-in-assisi\/tempel-der-minerva\/\" \/>\n<meta property=\"og:locale\" content=\"de_DE\" \/>\n<meta property=\"og:type\" content=\"article\" \/>\n<meta property=\"og:title\" content=\"Tempel der Minerva - Exploring Umbria\" \/>\n<meta property=\"og:description\" content=\"inige Stimmen behaupteten, dass der Tempel der Minerva acht Jahrhunderte vor der Entstehung Roms von dem legend\u00e4ren Dardanus\" \/>\n<meta property=\"og:url\" content=\"https:\/\/www.exploring-umbria.com\/de\/entdecke-assisi\/sehenswuerdigkeiten-in-assisi\/tempel-der-minerva\/\" \/>\n<meta property=\"og:site_name\" content=\"Exploring Umbria\" \/>\n<meta property=\"article:publisher\" content=\"https:\/\/www.facebook.com\/exploringumbria\/\" \/>\n<meta property=\"article:modified_time\" content=\"2020-03-30T12:35:37+00:00\" \/>\n<meta property=\"og:image\" content=\"https:\/\/www.exploring-umbria.com\/wp-content\/uploads\/2019\/05\/Assisi-Tempio-di-Minerva.jpeg\" \/>\n\t<meta property=\"og:image:width\" content=\"1800\" \/>\n\t<meta property=\"og:image:height\" content=\"1200\" \/>\n\t<meta property=\"og:image:type\" content=\"image\/jpeg\" \/>\n<meta name=\"twitter:card\" content=\"summary_large_image\" \/>\n<meta name=\"twitter:label1\" content=\"Gesch\u00e4tzte Lesezeit\" \/>\n\t<meta name=\"twitter:data1\" content=\"6\u00a0Minuten\" \/>\n<script type=\"application\/ld+json\" class=\"yoast-schema-graph\">{\"@context\":\"https:\/\/schema.org\",\"@graph\":[{\"@type\":\"Organization\",\"@id\":\"https:\/\/www.exploring-umbria.com\/de\/#organization\",\"name\":\"Exploring Umbria\",\"url\":\"https:\/\/www.exploring-umbria.com\/de\/\",\"sameAs\":[\"https:\/\/www.facebook.com\/exploringumbria\/\",\"https:\/\/www.instagram.com\/exploringumbria\/\"],\"logo\":{\"@type\":\"ImageObject\",\"@id\":\"https:\/\/www.exploring-umbria.com\/de\/#logo\",\"inLanguage\":\"de\",\"url\":\"https:\/\/www.exploring-umbria.com\/wp-content\/uploads\/2019\/08\/solo-logo-verde.jpg\",\"contentUrl\":\"https:\/\/www.exploring-umbria.com\/wp-content\/uploads\/2019\/08\/solo-logo-verde.jpg\",\"width\":952,\"height\":532,\"caption\":\"Exploring Umbria\"},\"image\":{\"@id\":\"https:\/\/www.exploring-umbria.com\/de\/#logo\"}},{\"@type\":\"WebSite\",\"@id\":\"https:\/\/www.exploring-umbria.com\/de\/#website\",\"url\":\"https:\/\/www.exploring-umbria.com\/de\/\",\"name\":\"Exploring Umbria\",\"description\":\"your dates, your mood, your trip\",\"publisher\":{\"@id\":\"https:\/\/www.exploring-umbria.com\/de\/#organization\"},\"potentialAction\":[{\"@type\":\"SearchAction\",\"target\":{\"@type\":\"EntryPoint\",\"urlTemplate\":\"https:\/\/www.exploring-umbria.com\/de\/?s={search_term_string}\"},\"query-input\":\"required name=search_term_string\"}],\"inLanguage\":\"de\"},{\"@type\":\"ImageObject\",\"@id\":\"https:\/\/www.exploring-umbria.com\/de\/entdecke-assisi\/sehenswuerdigkeiten-in-assisi\/tempel-der-minerva\/#primaryimage\",\"inLanguage\":\"de\",\"url\":\"https:\/\/www.exploring-umbria.com\/wp-content\/uploads\/2019\/05\/Assisi-Tempio-di-Minerva.jpeg\",\"contentUrl\":\"https:\/\/www.exploring-umbria.com\/wp-content\/uploads\/2019\/05\/Assisi-Tempio-di-Minerva.jpeg\",\"width\":1800,\"height\":1200,\"caption\":\"Il tempio di Minerva ad Assisi; Tempel der Minerva\"},{\"@type\":\"WebPage\",\"@id\":\"https:\/\/www.exploring-umbria.com\/de\/entdecke-assisi\/sehenswuerdigkeiten-in-assisi\/tempel-der-minerva\/#webpage\",\"url\":\"https:\/\/www.exploring-umbria.com\/de\/entdecke-assisi\/sehenswuerdigkeiten-in-assisi\/tempel-der-minerva\/\",\"name\":\"Tempel der Minerva - Exploring Umbria\",\"isPartOf\":{\"@id\":\"https:\/\/www.exploring-umbria.com\/de\/#website\"},\"primaryImageOfPage\":{\"@id\":\"https:\/\/www.exploring-umbria.com\/de\/entdecke-assisi\/sehenswuerdigkeiten-in-assisi\/tempel-der-minerva\/#primaryimage\"},\"datePublished\":\"2019-03-08T14:41:30+00:00\",\"dateModified\":\"2020-03-30T12:35:37+00:00\",\"description\":\"inige Stimmen behaupteten, dass der Tempel der Minerva acht Jahrhunderte vor der Entstehung Roms von dem legend\u00e4ren Dardanus\",\"breadcrumb\":{\"@id\":\"https:\/\/www.exploring-umbria.com\/de\/entdecke-assisi\/sehenswuerdigkeiten-in-assisi\/tempel-der-minerva\/#breadcrumb\"},\"inLanguage\":\"de\",\"potentialAction\":[{\"@type\":\"ReadAction\",\"target\":[\"https:\/\/www.exploring-umbria.com\/de\/entdecke-assisi\/sehenswuerdigkeiten-in-assisi\/tempel-der-minerva\/\"]}]},{\"@type\":\"BreadcrumbList\",\"@id\":\"https:\/\/www.exploring-umbria.com\/de\/entdecke-assisi\/sehenswuerdigkeiten-in-assisi\/tempel-der-minerva\/#breadcrumb\",\"itemListElement\":[{\"@type\":\"ListItem\",\"position\":1,\"name\":\"Home\",\"item\":\"https:\/\/www.exploring-umbria.com\/de\/\"},{\"@type\":\"ListItem\",\"position\":2,\"name\":\"Entdecke Assisi\",\"item\":\"https:\/\/www.exploring-umbria.com\/de\/entdecke-assisi\/\"},{\"@type\":\"ListItem\",\"position\":3,\"name\":\"Sehensw\u00fcrdigkeiten in Assisi\",\"item\":\"https:\/\/www.exploring-umbria.com\/de\/entdecke-assisi\/sehenswuerdigkeiten-in-assisi\/\"},{\"@type\":\"ListItem\",\"position\":4,\"name\":\"Tempel der Minerva\"}]}]}<\/script>\n<!-- \/ Yoast SEO plugin. -->","yoast_head_json":{"title":"Tempel der Minerva - Exploring Umbria","description":"inige Stimmen behaupteten, dass der Tempel der Minerva acht Jahrhunderte vor der Entstehung Roms von dem legend\u00e4ren Dardanus","robots":{"index":"index","follow":"follow","max-snippet":"max-snippet:-1","max-image-preview":"max-image-preview:large","max-video-preview":"max-video-preview:-1"},"canonical":"https:\/\/www.exploring-umbria.com\/de\/entdecke-assisi\/sehenswuerdigkeiten-in-assisi\/tempel-der-minerva\/","og_locale":"de_DE","og_type":"article","og_title":"Tempel der Minerva - Exploring Umbria","og_description":"inige Stimmen behaupteten, dass der Tempel der Minerva acht Jahrhunderte vor der Entstehung Roms von dem legend\u00e4ren Dardanus","og_url":"https:\/\/www.exploring-umbria.com\/de\/entdecke-assisi\/sehenswuerdigkeiten-in-assisi\/tempel-der-minerva\/","og_site_name":"Exploring Umbria","article_publisher":"https:\/\/www.facebook.com\/exploringumbria\/","article_modified_time":"2020-03-30T12:35:37+00:00","og_image":[{"width":1800,"height":1200,"url":"https:\/\/www.exploring-umbria.com\/wp-content\/uploads\/2019\/05\/Assisi-Tempio-di-Minerva.jpeg","type":"image\/jpeg"}],"twitter_card":"summary_large_image","twitter_misc":{"Gesch\u00e4tzte Lesezeit":"6\u00a0Minuten"},"schema":{"@context":"https:\/\/schema.org","@graph":[{"@type":"Organization","@id":"https:\/\/www.exploring-umbria.com\/de\/#organization","name":"Exploring Umbria","url":"https:\/\/www.exploring-umbria.com\/de\/","sameAs":["https:\/\/www.facebook.com\/exploringumbria\/","https:\/\/www.instagram.com\/exploringumbria\/"],"logo":{"@type":"ImageObject","@id":"https:\/\/www.exploring-umbria.com\/de\/#logo","inLanguage":"de","url":"https:\/\/www.exploring-umbria.com\/wp-content\/uploads\/2019\/08\/solo-logo-verde.jpg","contentUrl":"https:\/\/www.exploring-umbria.com\/wp-content\/uploads\/2019\/08\/solo-logo-verde.jpg","width":952,"height":532,"caption":"Exploring Umbria"},"image":{"@id":"https:\/\/www.exploring-umbria.com\/de\/#logo"}},{"@type":"WebSite","@id":"https:\/\/www.exploring-umbria.com\/de\/#website","url":"https:\/\/www.exploring-umbria.com\/de\/","name":"Exploring Umbria","description":"your dates, your mood, your trip","publisher":{"@id":"https:\/\/www.exploring-umbria.com\/de\/#organization"},"potentialAction":[{"@type":"SearchAction","target":{"@type":"EntryPoint","urlTemplate":"https:\/\/www.exploring-umbria.com\/de\/?s={search_term_string}"},"query-input":"required name=search_term_string"}],"inLanguage":"de"},{"@type":"ImageObject","@id":"https:\/\/www.exploring-umbria.com\/de\/entdecke-assisi\/sehenswuerdigkeiten-in-assisi\/tempel-der-minerva\/#primaryimage","inLanguage":"de","url":"https:\/\/www.exploring-umbria.com\/wp-content\/uploads\/2019\/05\/Assisi-Tempio-di-Minerva.jpeg","contentUrl":"https:\/\/www.exploring-umbria.com\/wp-content\/uploads\/2019\/05\/Assisi-Tempio-di-Minerva.jpeg","width":1800,"height":1200,"caption":"Il tempio di Minerva ad Assisi; Tempel der Minerva"},{"@type":"WebPage","@id":"https:\/\/www.exploring-umbria.com\/de\/entdecke-assisi\/sehenswuerdigkeiten-in-assisi\/tempel-der-minerva\/#webpage","url":"https:\/\/www.exploring-umbria.com\/de\/entdecke-assisi\/sehenswuerdigkeiten-in-assisi\/tempel-der-minerva\/","name":"Tempel der Minerva - Exploring Umbria","isPartOf":{"@id":"https:\/\/www.exploring-umbria.com\/de\/#website"},"primaryImageOfPage":{"@id":"https:\/\/www.exploring-umbria.com\/de\/entdecke-assisi\/sehenswuerdigkeiten-in-assisi\/tempel-der-minerva\/#primaryimage"},"datePublished":"2019-03-08T14:41:30+00:00","dateModified":"2020-03-30T12:35:37+00:00","description":"inige Stimmen behaupteten, dass der Tempel der Minerva acht Jahrhunderte vor der Entstehung Roms von dem legend\u00e4ren Dardanus","breadcrumb":{"@id":"https:\/\/www.exploring-umbria.com\/de\/entdecke-assisi\/sehenswuerdigkeiten-in-assisi\/tempel-der-minerva\/#breadcrumb"},"inLanguage":"de","potentialAction":[{"@type":"ReadAction","target":["https:\/\/www.exploring-umbria.com\/de\/entdecke-assisi\/sehenswuerdigkeiten-in-assisi\/tempel-der-minerva\/"]}]},{"@type":"BreadcrumbList","@id":"https:\/\/www.exploring-umbria.com\/de\/entdecke-assisi\/sehenswuerdigkeiten-in-assisi\/tempel-der-minerva\/#breadcrumb","itemListElement":[{"@type":"ListItem","position":1,"name":"Home","item":"https:\/\/www.exploring-umbria.com\/de\/"},{"@type":"ListItem","position":2,"name":"Entdecke Assisi","item":"https:\/\/www.exploring-umbria.com\/de\/entdecke-assisi\/"},{"@type":"ListItem","position":3,"name":"Sehensw\u00fcrdigkeiten in Assisi","item":"https:\/\/www.exploring-umbria.com\/de\/entdecke-assisi\/sehenswuerdigkeiten-in-assisi\/"},{"@type":"ListItem","position":4,"name":"Tempel der Minerva"}]}]}},"_links":{"self":[{"href":"https:\/\/www.exploring-umbria.com\/de\/wp-json\/wp\/v2\/pages\/2845"}],"collection":[{"href":"https:\/\/www.exploring-umbria.com\/de\/wp-json\/wp\/v2\/pages"}],"about":[{"href":"https:\/\/www.exploring-umbria.com\/de\/wp-json\/wp\/v2\/types\/page"}],"author":[{"embeddable":true,"href":"https:\/\/www.exploring-umbria.com\/de\/wp-json\/wp\/v2\/users\/4"}],"replies":[{"embeddable":true,"href":"https:\/\/www.exploring-umbria.com\/de\/wp-json\/wp\/v2\/comments?post=2845"}],"version-history":[{"count":5,"href":"https:\/\/www.exploring-umbria.com\/de\/wp-json\/wp\/v2\/pages\/2845\/revisions"}],"predecessor-version":[{"id":33168,"href":"https:\/\/www.exploring-umbria.com\/de\/wp-json\/wp\/v2\/pages\/2845\/revisions\/33168"}],"up":[{"embeddable":true,"href":"https:\/\/www.exploring-umbria.com\/de\/wp-json\/wp\/v2\/pages\/3249"}],"wp:featuredmedia":[{"embeddable":true,"href":"https:\/\/www.exploring-umbria.com\/de\/wp-json\/wp\/v2\/media\/5933"}],"wp:attachment":[{"href":"https:\/\/www.exploring-umbria.com\/de\/wp-json\/wp\/v2\/media?parent=2845"}],"curies":[{"name":"wp","href":"https:\/\/api.w.org\/{rel}","templated":true}]}}